{"id":3854,"date":"2021-11-16T12:30:37","date_gmt":"2021-11-16T12:30:37","guid":{"rendered":"https:\/\/catedraldemallorca.org\/catedral\/cabildo\/"},"modified":"2022-03-08T09:44:50","modified_gmt":"2022-03-08T08:44:50","slug":"capitol","status":"publish","type":"page","link":"https:\/\/catedraldemallorca.org\/ca\/catedral\/capitol\/","title":{"rendered":"Cap\u00edtol"},"content":{"rendered":"<p>[et_pb_section fb_built=\u00bb1&#8243; custom_padding_last_edited=\u00bboff|desktop\u00bb _builder_version=\u00bb4.12.1&#8243; _module_preset=\u00bbdefault\u00bb custom_padding=\u00bb0px||||false|false\u00bb custom_padding_phone=\u00bb0px||||false|false\u00bb global_colors_info=\u00bb{}\u00bb][et_pb_row _builder_version=\u00bb4.11.1&#8243; _module_preset=\u00bbdefault\u00bb width=\u00bb95%\u00bb custom_padding=\u00bb||0px||false|false\u00bb global_colors_info=\u00bb{}\u00bb][et_pb_column type=\u00bb4_4&#8243; _builder_version=\u00bb4.11.1&#8243; _module_preset=\u00bbdefault\u00bb global_colors_info=\u00bb{}\u00bb][dipl_tabs tab_trigger=\u00bbclick\u00bb nav_bg_color=\u00bb#f8f8f8&#8243; content_bg_color=\u00bbRGBA(0,0,0,0)\u00bb active_tab_background_color=\u00bb#ffffff\u00bb icon_alignment=\u00bbleft\u00bb tab_background_color=\u00bbRGBA(0,0,0,0)\u00bb _builder_version=\u00bb4.14.8&#8243; _module_preset=\u00bbdefault\u00bb active_title_text_color=\u00bb#000000&#8243; title_text_color=\u00bb#606060&#8243; background_color=\u00bbRGBA(0,0,0,0)\u00bb global_colors_info=\u00bb{}\u00bb][dipl_tabs_item content_type=\u00bbdipl_content_layout\u00bb select_content_layout=\u00bb3910&#8243; title=\u00bbPresentaci\u00f3\u00bb active_tab_background_color=\u00bb#f8f8f8&#8243; tab_background_color=\u00bb#f8f8f8&#8243; _builder_version=\u00bb4.14.8&#8243; _module_preset=\u00bbdefault\u00bb active_title_text_color=\u00bb#000000&#8243; title_text_color=\u00bb#7a7a7a\u00bb title_font=\u00bb|600|||||||\u00bb title_font_size=\u00bb18px\u00bb active_title_font_size=\u00bb18px\u00bb background_color=\u00bb#FFFFFF\u00bb background_enable_color=\u00bbon\u00bb button_rel=\u00bboff|off|off|off|off\u00bb title_font_size_tablet=\u00bb18px\u00bb title_font_size_phone=\u00bb16px\u00bb title_font_size_last_edited=\u00bbon|desktop\u00bb active_title_font_size_tablet=\u00bb18px\u00bb active_title_font_size_phone=\u00bb16px\u00bb active_title_font_size_last_edited=\u00bbon|desktop\u00bb global_colors_info=\u00bb{}\u00bb][\/dipl_tabs_item][dipl_tabs_item content_type=\u00bbdipl_content_layout\u00bb select_content_layout=\u00bb3942&#8243; title=\u00bbOrganigrama\u00bb active_tab_background_color=\u00bb#f8f8f8&#8243; tab_background_color=\u00bb#f8f8f8&#8243; _builder_version=\u00bb4.14.8&#8243; _module_preset=\u00bbdefault\u00bb active_title_text_color=\u00bb#000000&#8243; title_text_color=\u00bb#7a7a7a\u00bb title_font=\u00bb|600|||||||\u00bb title_font_size=\u00bb18px\u00bb active_title_font_size=\u00bb18px\u00bb background_color=\u00bb#FFFFFF\u00bb background_enable_color=\u00bbon\u00bb button_rel=\u00bboff|off|off|off|off\u00bb title_font_size_tablet=\u00bb18px\u00bb title_font_size_phone=\u00bb16px\u00bb title_font_size_last_edited=\u00bbon|phone\u00bb active_title_font_size_tablet=\u00bb18px\u00bb active_title_font_size_phone=\u00bb16px\u00bb active_title_font_size_last_edited=\u00bbon|phone\u00bb global_colors_info=\u00bb{}\u00bb][\/dipl_tabs_item][dipl_tabs_item content_type=\u00bbdipl_content_layout\u00bb select_content_layout=\u00bb4039&#8243; title=\u00bbClergat actiu\u00bb active_tab_background_color=\u00bb#f8f8f8&#8243; tab_background_color=\u00bb#f8f8f8&#8243; _builder_version=\u00bb4.14.8&#8243; _module_preset=\u00bbdefault\u00bb active_title_text_color=\u00bb#000000&#8243; title_text_color=\u00bb#7a7a7a\u00bb title_font=\u00bb|600|||||||\u00bb title_font_size=\u00bb18px\u00bb active_title_font_size=\u00bb18px\u00bb background_color=\u00bb#FFFFFF\u00bb background_enable_color=\u00bbon\u00bb button_rel=\u00bboff|off|off|off|off\u00bb title_font_size_tablet=\u00bb18px\u00bb title_font_size_phone=\u00bb16px\u00bb title_font_size_last_edited=\u00bbon|phone\u00bb active_title_font_size_tablet=\u00bb18px\u00bb active_title_font_size_phone=\u00bb16px\u00bb active_title_font_size_last_edited=\u00bbon|phone\u00bb global_colors_info=\u00bb{}\u00bb][\/dipl_tabs_item][dipl_tabs_item content_type=\u00bbdipl_content_layout\u00bb select_content_layout=\u00bb4068&#8243; title=\u00bbClergat em\u00e8rit\u00bb active_tab_background_color=\u00bb#f8f8f8&#8243; tab_background_color=\u00bb#f8f8f8&#8243; _builder_version=\u00bb4.14.8&#8243; _module_preset=\u00bbdefault\u00bb active_title_text_color=\u00bb#000000&#8243; title_text_color=\u00bb#7a7a7a\u00bb title_font=\u00bb|600|||||||\u00bb title_font_size=\u00bb18px\u00bb active_title_font_size=\u00bb18px\u00bb background_color=\u00bb#FFFFFF\u00bb background_enable_color=\u00bbon\u00bb button_rel=\u00bboff|off|off|off|off\u00bb title_font_size_tablet=\u00bb18px\u00bb title_font_size_phone=\u00bb16px\u00bb title_font_size_last_edited=\u00bbon|phone\u00bb active_title_font_size_tablet=\u00bb18px\u00bb active_title_font_size_phone=\u00bb16px\u00bb active_title_font_size_last_edited=\u00bbon|phone\u00bb global_colors_info=\u00bb{}\u00bb][\/dipl_tabs_item][\/dipl_tabs][et_pb_code _builder_version=\u00bb4.12.1&#8243; _module_preset=\u00bbdefault\u00bb custom_css_main_element=\u00bbdisplay: none;\u00bb global_colors_info=\u00bb{}\u00bb]<!-- SCRIPT ARROW NAVIGATION ON TABS--><!-- [et_pb_line_break_holder] --><script><!-- [et_pb_line_break_holder] -->(function($) {<!-- [et_pb_line_break_holder] -->  $(document).ready(function() {<!-- [et_pb_line_break_holder] -->    <!-- [et_pb_line_break_holder] -->    <!-- ADD ARROWS --><!-- [et_pb_line_break_holder] -->    let x = document.getElementsByClassName(\"dipl_tabs_controls\")[0];<!-- [et_pb_line_break_holder] -->    x.insertAdjacentHTML(\"beforebegin\", \"<span class=\\\"arrow-nav-tabs arrow-before\\\"><\/span>\");<!-- [et_pb_line_break_holder] -->    x.insertAdjacentHTML(\"afterend\", \"<span class=\\\"arrow-nav-tabs arrow-after\\\"><\/span>\");<!-- [et_pb_line_break_holder] -->    <!-- [et_pb_line_break_holder] -->    <!-- ARROWS NAVIGATION --><!-- [et_pb_line_break_holder] -->    var arrowLeft = $('.arrow-nav-tabs.arrow-before');<!-- [et_pb_line_break_holder] -->    var arrowRight = $('.arrow-nav-tabs.arrow-after');<!-- [et_pb_line_break_holder] -->    var tabs = $(\".dipl_tabs_controls\");<!-- [et_pb_line_break_holder] -->    var timeoutId1 = 0;<!-- [et_pb_line_break_holder] -->    var timeoutId2 = 0;<!-- [et_pb_line_break_holder] --><!-- [et_pb_line_break_holder] -->    arrowLeft.on('mousedown', function() {<!-- [et_pb_line_break_holder] -->        scrollLeft();<!-- [et_pb_line_break_holder] -->    }).on('mouseup mouseleave', function() {<!-- [et_pb_line_break_holder] -->        clearTimeout(timeoutId1);<!-- [et_pb_line_break_holder] -->    });<!-- [et_pb_line_break_holder] --><!-- [et_pb_line_break_holder] -->    arrowRight.on('mousedown', function() {<!-- [et_pb_line_break_holder] -->        scrollRight();<!-- [et_pb_line_break_holder] -->    }).on('mouseup mouseleave', function() {<!-- [et_pb_line_break_holder] -->        clearTimeout(timeoutId2);<!-- [et_pb_line_break_holder] -->    });<!-- [et_pb_line_break_holder] --><!-- [et_pb_line_break_holder] -->    function scrollLeft(){<!-- [et_pb_line_break_holder] -->      var current_position = parseInt(tabs.scrollLeft());<!-- [et_pb_line_break_holder] -->      tabs.scrollLeft(current_position - 150);<!-- [et_pb_line_break_holder] -->      timeoutId1 = setTimeout(function(){scrollup()} , 300);<!-- [et_pb_line_break_holder] -->    }<!-- [et_pb_line_break_holder] --><!-- [et_pb_line_break_holder] -->    function scrollRight(){<!-- [et_pb_line_break_holder] -->      var current_position = parseInt(tabs.scrollLeft());<!-- [et_pb_line_break_holder] -->     tabs.scrollLeft(current_position + 150);<!-- [et_pb_line_break_holder] -->      timeoutId2 = setTimeout(function(){scrolldown()} , 300);<!-- [et_pb_line_break_holder] -->    }<!-- [et_pb_line_break_holder] --><!-- [et_pb_line_break_holder] -->  });<!-- [et_pb_line_break_holder] -->})(jQuery);<!-- [et_pb_line_break_holder] --><\/script>[\/et_pb_code][\/et_pb_column][\/et_pb_row][\/et_pb_section]<\/p>\n","protected":false},"excerpt":{"rendered":"<p><div class=\"et_pb_module dipl_tabs dipl_tabs_0\">\n\t\t\t\t\n\t\t\t\t\n\t\t\t\t\n\t\t\t\t\n\t\t\t\t\n\t\t\t\t\n\t\t\t\t<div class=\"et_pb_module_inner\">\n\t\t\t\t\t<div class=\"dipl_tab_wrapper\" data-trigger=\"click\">\t\t\t\t\r\n\t\t\t\t<div class=\"dipl_tabs_controls\"><\/div>\r\n\t\t\t\t<div class=\"dipl_tabs_content\"><\/div>\r\n\t\t\t<\/div>\n\t\t\t\t<\/div>\n\t\t\t<\/div><div class=\"et_pb_module dipl_tabs_item dipl_tabs_item_0 dipl_active_tab_content\">\n\t\t\t\t\n\t\t\t\t\n\t\t\t\t\n\t\t\t\t\n\t\t\t\t\n\t\t\t\t\n\t\t\t\t<div class=\"et_pb_module_inner\">\n\t\t\t\t\t<div class=\"dipl_single_tab_content\"><div class=\"et_pb_section et_pb_section_0 et_section_regular\" >\n\t\t\t\t\n\t\t\t\t\n\t\t\t\t\n\t\t\t\t\n\t\t\t\t\n\t\t\t\t\n\t\t\t\t<div class=\"et_pb_row et_pb_row_0\">\n\t\t\t\t<div class=\"et_pb_column et_pb_column_4_4 et_pb_column_0  et_pb_css_mix_blend_mode_passthrough et-last-child\">\n\t\t\t\t\n\t\t\t\t\n\t\t\t\t\n\t\t\t\t\n\t\t\t\t<div class=\"et_pb_module et_pb_text et_pb_text_0  et_pb_text_align_left et_pb_bg_layout_light\">\n\t\t\t\t\n\t\t\t\t\n\t\t\t\t\n\t\t\t\t\n\t\t\t\t<div class=\"et_pb_text_inner\"><p style=\"text-align: justify;\">Els or\u00edgens hist\u00f2rics del Cap\u00edtol Catedral de Mallorca es remunten als mateixos inicis de la restauraci\u00f3 de l'Esgl\u00e9sia a Mallorca. L'any 1240 el papa Gregori IX va autoritzar el primer bisbe de Mallorca, Ramon de Torrella, perqu\u00e8 institu\u00eds el cap\u00edtol amb canonges i dignitats.<\/p>\r\n<p style=\"text-align: justify;\">Des de llavors, el Cap\u00edtol Catedral s'ha convertit en el col\u00b7legi de sacerdots al qual correspon celebrar amb solemnitat el culte lit\u00fargic i complir, alhora, els oficis que pel Dret o pel Bisbe dioces\u00e0 li siguin encomanats. Una de les principals funcions del Cap\u00edtol \u00e9s promoure la Catedral com a seu del magisteri del Bisbe, pastor de l'Esgl\u00e9sia de Mallorca, i com a signe de la unitat en la fe dels creients mallorquins, i fer de la Catedral centre de la vida lit\u00fargica de la Di\u00f2cesi pel fet de ser l'esgl\u00e9sia del Bisbe.<\/p>\r\n<p style=\"text-align: justify;\">Altres funcions s\u00f3n:<\/p>\r\n<ul style=\"text-align: justify;\">\r\n<li>Promoure priorit\u00e0riament l'evangelitzaci\u00f3 de la societat mallorquina.<\/li>\r\n<li>Fomentar la predicaci\u00f3 de l'Evangeli, confiat en primer lloc al Bisbe, que t\u00e9 la C\u00e0tedra, i com a col\u00b7laboradors seus exercir el ministeri de la predicaci\u00f3 d'acord amb les normes de la Sagrada Lit\u00fargia.<\/li>\r\n<li>Fer de la Catedral la casa materna de l'Esgl\u00e9sia a Mallorca.<\/li>\r\n<li>Promoure l'expressi\u00f3 cultural de la fe en la societat i el di\u00e0leg entre la fe i la cultura, i tamb\u00e9 l'activitat caritativa.<\/li>\r\n<li>Oferir la Catedral com a Esgl\u00e9sia de trobada ecum\u00e8nica dels cristians i dels creients de diverses confessions, propiciant les celebracions interconfessionals.<\/li>\r\n<li>Atendre pastoralment els visitants i turistes.<\/li>\r\n<li>Conservar el patrimoni cultural de la Catedral i del Cap\u00edtol, enriquir-lo i presentar-lo al coneixement i estima del poble.<\/li>\r\n<li>Administrar els b\u00e9ns de la Catedral i del Cap\u00edtol d'acord amb el Dret Can\u00f2nic i particular de la Di\u00f2cesi de Mallorca.<\/li>\r\n<\/ul>\r\n<p style=\"text-align: justify;\">El Cap\u00edtol est\u00e0 format per dos departaments, constitu\u00efts alhora per diferents \u00e0rees, al capdavant de les quals se situen canonges, segons consta en l'organigrama.<\/p>\r\n<p style=\"text-align: justify;\">El segell del Cap\u00edtol representa la figura sedent de la Verge amb l'Infant Jes\u00fas en bra\u00e7os, segons la iconografia de l'escut de la volta de la Sala Capitular barroca.<\/p><\/div>\n\t\t\t<\/div><div class=\"et_pb_module et_pb_image et_pb_image_0\">\n\t\t\t\t\n\t\t\t\t\n\t\t\t\t\n\t\t\t\t\n\t\t\t\t<span class=\"et_pb_image_wrap \"><img decoding=\"async\" width=\"495\" height=\"619\" src=\"https:\/\/catedraldemallorca.org\/wp-content\/uploads\/2021\/08\/Sello_Cabildo_Catedral.png\" alt=\"\" title=\"Sello_Cabildo_Catedral\" srcset=\"https:\/\/catedraldemallorca.org\/wp-content\/uploads\/2021\/08\/Sello_Cabildo_Catedral.png 495w, https:\/\/catedraldemallorca.org\/wp-content\/uploads\/2021\/08\/Sello_Cabildo_Catedral-480x600.png 480w\" sizes=\"(min-width: 0px) and (max-width: 480px) 480px, (min-width: 481px) 495px, 100vw\" class=\"wp-image-1663\" \/><\/span>\n\t\t\t<\/div>\n\t\t\t<\/div>\n\t\t\t\t\n\t\t\t\t\n\t\t\t\t\n\t\t\t\t\n\t\t\t<\/div>\n\t\t\t\t\n\t\t\t\t\n\t\t\t<\/div><\/div>\n\t\t\t\t<\/div>\n\t\t\t<\/div><div class=\"et_pb_module dipl_tabs_item dipl_tabs_item_1\">\n\t\t\t\t\n\t\t\t\t\n\t\t\t\t\n\t\t\t\t\n\t\t\t\t\n\t\t\t\t\n\t\t\t\t<div class=\"et_pb_module_inner\">\n\t\t\t\t\t<div class=\"dipl_single_tab_content\"><\/div>\n\t\t\t\t<\/div>\n\t\t\t<\/div><\/p>\n","protected":false},"author":2,"featured_media":0,"parent":3376,"menu_order":0,"comment_status":"closed","ping_status":"closed","template":"","meta":{"_et_pb_use_builder":"on","_et_pb_old_content":"","_et_gb_content_width":"","footnotes":""},"class_list":["post-3854","page","type-page","status-publish","hentry"],"_links":{"self":[{"href":"https:\/\/catedraldemallorca.org\/ca\/wp-json\/wp\/v2\/pages\/3854","targetHints":{"allow":["GET"]}}],"collection":[{"href":"https:\/\/catedraldemallorca.org\/ca\/wp-json\/wp\/v2\/pages"}],"about":[{"href":"https:\/\/catedraldemallorca.org\/ca\/wp-json\/wp\/v2\/types\/page"}],"author":[{"embeddable":true,"href":"https:\/\/catedraldemallorca.org\/ca\/wp-json\/wp\/v2\/users\/2"}],"replies":[{"embeddable":true,"href":"https:\/\/catedraldemallorca.org\/ca\/wp-json\/wp\/v2\/comments?post=3854"}],"version-history":[{"count":19,"href":"https:\/\/catedraldemallorca.org\/ca\/wp-json\/wp\/v2\/pages\/3854\/revisions"}],"predecessor-version":[{"id":6541,"href":"https:\/\/catedraldemallorca.org\/ca\/wp-json\/wp\/v2\/pages\/3854\/revisions\/6541"}],"up":[{"embeddable":true,"href":"https:\/\/catedraldemallorca.org\/ca\/wp-json\/wp\/v2\/pages\/3376"}],"wp:attachment":[{"href":"https:\/\/catedraldemallorca.org\/ca\/wp-json\/wp\/v2\/media?parent=3854"}],"curies":[{"name":"wp","href":"https:\/\/api.w.org\/{rel}","templated":true}]}}