{"id":4089,"date":"2021-11-19T10:57:22","date_gmt":"2021-11-19T10:57:22","guid":{"rendered":"https:\/\/catedraldemallorca.org\/visites\/visitans\/"},"modified":"2026-08-12T13:04:59","modified_gmt":"2026-08-12T11:04:59","slug":"recorreguts","status":"publish","type":"page","link":"https:\/\/catedraldemallorca.org\/ca\/visites\/recorreguts\/","title":{"rendered":"Recorreguts"},"content":{"rendered":"<p>[et_pb_section fb_built=\u00bb1&#8243; disabled_on=\u00bboff|off|off\u00bb _builder_version=\u00bb4.16&#8243; _module_preset=\u00bbdefault\u00bb global_colors_info=\u00bb{}\u00bb][et_pb_row column_structure=\u00bb1_3,2_3&#8243; use_custom_gutter=\u00bbon\u00bb make_equal=\u00bbon\u00bb disabled_on=\u00bboff|off|off\u00bb admin_label=\u00bbEntrada terrazas\u00bb module_id=\u00bbterrazas\u00bb _builder_version=\u00bb4.27.4&#8243; _module_preset=\u00bbdefault\u00bb width_tablet=\u00bb\u00bb width_phone=\u00bb90%\u00bb width_last_edited=\u00bbon|phone\u00bb max_width=\u00bb1180px\u00bb custom_margin=\u00bb||20px||false|false\u00bb custom_padding=\u00bb|30px||30px|false|true\u00bb border_radii=\u00bbon|5px|5px|5px|5px\u00bb border_width_all=\u00bb2px\u00bb border_color_all=\u00bbRGBA(255,255,255,0)\u00bb collapsed=\u00bboff\u00bb global_colors_info=\u00bb{}\u00bb][et_pb_column type=\u00bb1_3&#8243; _builder_version=\u00bb4.16&#8243; _module_preset=\u00bbdefault\u00bb global_colors_info=\u00bb{}\u00bb][et_pb_text _builder_version=\u00bb4.27.0&#8243; _module_preset=\u00bbdefault\u00bb header_3_font=\u00bb|600|||||||\u00bb text_orientation=\u00bbcenter\u00bb custom_margin=\u00bb||15px||false|false\u00bb global_colors_info=\u00bb{}\u00bb]<\/p>\n<h3><span style=\"color: #d3172e;\">Catedral de Mallorca + Terrasses<\/span><\/h3>\n<p>[\/et_pb_text][et_pb_image src=\u00bbhttps:\/\/catedraldemallorca.org\/wp-content\/uploads\/2021\/10\/terrazas_catedral_mallorca.jpg\u00bb title_text=\u00bbterrasses_catedral_mallorca\u00bb align=\u00bbcenter\u00bb _builder_version=\u00bb4.16&#8243; _module_preset=\u00bbdefault\u00bb max_width=\u00bb420px\u00bb global_colors_info=\u00bb{}\u00bb][\/et_pb_image][et_pb_button button_url=\u00bbhttps:\/\/catedraldemallorca.entradasdemuseos.com\/visit\/catedral-de-mallorca-terrazas-museo-de-arte-sacro\u00bb button_text=\u00bbADQUIRIR\u00bb button_alignment=\u00bbcenter\u00bb module_class=\u00bbdisabled\u00bb _builder_version=\u00bb4.27.0&#8243; _module_preset=\u00bbdefault\u00bb custom_button=\u00bbon\u00bb button_text_size=\u00bb15px\u00bb button_text_color=\u00bb#000000&#8243; button_bg_color=\u00bb#FFFFFF\u00bb button_border_width=\u00bb2px\u00bb button_border_radius=\u00bb3px\u00bb button_font=\u00bb|600|||||||\u00bb global_colors_info=\u00bb{}\u00bb button_bg_color__hover_enabled=\u00bbon|desktop\u00bb button_bg_color__hover=\u00bb#f8f8f8&#8243; button_bg_enable_color__hover=\u00bbon\u00bb][\/et_pb_button][\/et_pb_column][et_pb_column type=\u00bb2_3&#8243; _builder_version=\u00bb4.16&#8243; _module_preset=\u00bbdefault\u00bb global_colors_info=\u00bb{}\u00bb][et_pb_text _builder_version=\u00bb4.27.5&#8243; _module_preset=\u00bbdefault\u00bb text_font=\u00bb|600|||||||\u00bb text_text_color=\u00bb#d3172e\u00bb custom_margin=\u00bb||28px|||\u00bb global_colors_info=\u00bb{}\u00bb]<\/p>\n<p><i class=\"fas fa-info-circle\"><\/i>Temporada d&#8217;obertura: De mar\u00e7 a novembre\u200b (tots dos mesos inclosos)<\/p>\n<p>[\/et_pb_text][et_pb_text _builder_version=\u00bb4.24.2&#8243; _module_preset=\u00bbdefault\u00bb text_font=\u00bb|600|||||||\u00bb text_text_color=\u00bb#000000&#8243; text_font_size=\u00bb16px\u00bb custom_margin=\u00bb||20px||false|false\u00bb global_colors_info=\u00bb{}\u00bb]<\/p>\n<p>Inclou: Terrasses de Mallorca + Entrada Catedral + MASM<\/p>\n<p>[\/et_pb_text][et_pb_text _builder_version=\u00bb4.17.1&#8243; _module_preset=\u00bbdefault\u00bb text_font=\u00bb||||||||\u00bb text_text_color=\u00bb#000000&#8243; text_font_size=\u00bb16px\u00bb custom_margin=\u00bb||20px||false|false\u00bb global_colors_info=\u00bb{}\u00bb]<\/p>\n<p>Opcional: Audioguia\u00a0<i class=\"fas fa-volume-up\"><\/i><\/p>\n<p>[\/et_pb_text][et_pb_text disabled_on=\u00bbon|on|off\u00bb _builder_version=\u00bb4.27.4&#8243; _module_preset=\u00bbdefault\u00bb text_text_color=\u00bb#000000&#8243; text_font_size=\u00bb15px\u00bb custom_margin=\u00bb||20px||false|false\u00bb global_colors_info=\u00bb{}\u00bb]<\/p>\n<p>\u00bfVols con\u00e8ixer la Catedral des de les altures? La Catedral de Mallorca, ofereix, recorreguts lliures per les seves terrasses, una experi\u00e8ncia extraordin\u00e0ria on es podr\u00e0 contemplar la immensitat de la mar i la bellesa de Palma, sens dubte un bon pla per a realitzar una excursi\u00f3 cultural i gaudir d&#8217;uns minuts de pau i contemplaci\u00f3. Un recorregut de lliure acc\u00e9s perqu\u00e8 el visitant pugui gaudir de les terrasses dels arcbotants, de l&#8217;espectacular rosassa major, del campanar i del skyline de la ciutat.<\/p>\n<p>[\/et_pb_text][et_pb_toggle title=\u00bbTARIFES\u00bb open_toggle_text_color=\u00bb#000000&#8243; open_toggle_background_color=\u00bbRGBA(255,255,255,0)\u00bb closed_toggle_text_color=\u00bb#000000&#8243; closed_toggle_background_color=\u00bbRGBA(255,255,255,0)\u00bb icon_color=\u00bb#000000&#8243; toggle_icon=\u00bb&#x43;||divi||400&#8243; use_icon_font_size=\u00bbon\u00bb icon_font_size=\u00bb18px\u00bb open_icon_color=\u00bb#000000&#8243; open_toggle_icon=\u00bb&#x45;||divi||400&#8243; open_use_icon_font_size=\u00bbon\u00bb open_icon_font_size=\u00bb18px\u00bb module_class=\u00bbcstm-toggle\u00bb _builder_version=\u00bb4.27.4&#8243; _module_preset=\u00bbdefault\u00bb title_text_color=\u00bb#FFFFFF\u00bb title_font=\u00bb|600|||||||\u00bb title_font_size=\u00bb14px\u00bb body_text_color=\u00bb#000000&#8243; body_font_size=\u00bb15px\u00bb custom_margin=\u00bb||2px||false|false\u00bb custom_padding=\u00bb14px||14px||true|false\u00bb border_color_all=\u00bbRGBA(255,255,255,0)\u00bb icon_color__hover_enabled=\u00bboff|desktop\u00bb global_colors_info=\u00bb{}\u00bb custom_css_open_toggle__hover_enabled=\u00bboff|desktop\u00bb open_icon_color__hover_enabled=\u00bboff|desktop\u00bb]<\/p>\n<ul>\n<li>Adult: 25\u20ac<\/li>\n<li>Resident: 8\u20ac<\/li>\n<\/ul>\n<p>* Els divendres de cada setmana s&#8217;ofereix la visita gratu\u00efta per a residents i naturals de Balears, s&#8217;haur\u00e0 d&#8217;adquirir l&#8217;entrada en les taquilles de la Catedral i acreditar documentalment aquesta circumst\u00e0ncia de resid\u00e8ncia o naturalitat.<\/p>\n<p>[\/et_pb_toggle][et_pb_toggle title=\u00bbHORARIS\u00bb open_toggle_text_color=\u00bb#000000&#8243; open_toggle_background_color=\u00bbRGBA(255,255,255,0)\u00bb closed_toggle_text_color=\u00bb#000000&#8243; closed_toggle_background_color=\u00bbRGBA(255,255,255,0)\u00bb icon_color=\u00bb#000000&#8243; toggle_icon=\u00bb&#x43;||divi||400&#8243; use_icon_font_size=\u00bbon\u00bb icon_font_size=\u00bb18px\u00bb open_icon_color=\u00bb#000000&#8243; open_toggle_icon=\u00bb&#x45;||divi||400&#8243; open_use_icon_font_size=\u00bbon\u00bb open_icon_font_size=\u00bb18px\u00bb module_class=\u00bbcstm-toggle\u00bb _builder_version=\u00bb4.27.7&#8243; _module_preset=\u00bbdefault\u00bb title_text_color=\u00bb#FFFFFF\u00bb title_font=\u00bb|600|||||||\u00bb title_font_size=\u00bb14px\u00bb body_text_color=\u00bb#000000&#8243; body_font_size=\u00bb15px\u00bb custom_margin=\u00bb||2px||false|false\u00bb custom_padding=\u00bb14px||14px||true|false\u00bb border_color_all=\u00bbRGBA(255,255,255,0)\u00bb icon_color__hover_enabled=\u00bboff|desktop\u00bb global_colors_info=\u00bb{}\u00bb custom_css_open_toggle__hover_enabled=\u00bboff|desktop\u00bb open_icon_color__hover_enabled=\u00bboff|desktop\u00bb]<\/p>\n<p>Dilluns a divendres des de les 10:00h\u00a0fins a les 16:30h, torns cada 30 minuts d&#8217;1 hora de durada Dissabtes des de les 10:00h fins a les 13:30h, torns cada 30 minuts d&#8217;1 hora de durada <em>* Temporada d&#8217;obertura de mar\u00e7 a novembre\u200b (tots dos mesos inclosos)<\/em><\/p>\n<p>[\/et_pb_toggle][et_pb_toggle title=\u00bbNORMATIVA\u00bb open_toggle_text_color=\u00bb#000000&#8243; open_toggle_background_color=\u00bbRGBA(255,255,255,0)\u00bb closed_toggle_text_color=\u00bb#000000&#8243; closed_toggle_background_color=\u00bbRGBA(255,255,255,0)\u00bb icon_color=\u00bb#000000&#8243; toggle_icon=\u00bb&#x43;||divi||400&#8243; use_icon_font_size=\u00bbon\u00bb icon_font_size=\u00bb18px\u00bb open_icon_color=\u00bb#000000&#8243; open_toggle_icon=\u00bb&#x45;||divi||400&#8243; open_use_icon_font_size=\u00bbon\u00bb open_icon_font_size=\u00bb18px\u00bb module_class=\u00bbcstm-toggle\u00bb _builder_version=\u00bb4.24.2&#8243; _module_preset=\u00bbdefault\u00bb title_text_color=\u00bb#FFFFFF\u00bb title_font=\u00bb|600|||||||\u00bb title_font_size=\u00bb14px\u00bb body_text_color=\u00bb#000000&#8243; body_font_size=\u00bb15px\u00bb custom_margin=\u00bb||2px||false|false\u00bb custom_padding=\u00bb14px||14px||true|false\u00bb border_color_all=\u00bbRGBA(255,255,255,0)\u00bb icon_color__hover_enabled=\u00bboff|desktop\u00bb global_colors_info=\u00bb{}\u00bb custom_css_open_toggle__hover_enabled=\u00bboff|desktop\u00bb open_icon_color__hover_enabled=\u00bboff|desktop\u00bb]<\/p>\n<p><em><b>CONDICIONS PR\u00c8VIES A LA VISITA<\/b><\/em><\/p>\n<div>\n<ol>\n<li>A causa de les caracter\u00edstiques i dificultat del recorregut, i per motius de seguretat, l&#8217;acc\u00e9s a la visita queda limitat a: 1.1 persones que no presentin malalties cardiorespirat\u00f2ries, vertigen o mobilitat redu\u00efda per motius d&#8217;edat o salut. 1.2 persones majors de 9 anys. En el cas de menors d&#8217;edat, \u00e9s obligat\u00f2ria l&#8217;acreditaci\u00f3 de la mateixa per mitj\u00e0 d&#8217;un document d&#8217;identitat oficial.<\/li>\n<li>En acceptar aquests termes i condicions, l&#8217;usuari confirma la veracitat de les dades facilitades, aix\u00ed com del compliment dels requisits f\u00edsics i\/o de salut esmentats en el punt anterior, eximint de qualsevol responsabilitat derivada de qualsevol possible mal per tals motius a la Catedral de Mallorca.<\/li>\n<li>L&#8217;entrada per a totes les visites sempre es realizar\u00e0 per l&#8217;entrada del Museu Catedral, Plaza de la Seu s\/n. A l&#8217;interior de la Catedral s&#8217;ha habilitat, en el Portal de la Almoina, un Punt de Trobada per a l&#8217;acc\u00e9s a les visites a les Terrasses. \u00c9s imprescindible la presentaci\u00f3 de la reserva rebuda per correu electr\u00f2nic per a procedir a la seva validaci\u00f3 abans de comen\u00e7ar la visita..<\/li>\n<li>Les visites s&#8217;iniciaran puntualment dins dels marges horaris assenyalats en la reserva, i tindran una durada m\u00e0xima d&#8217;una hora. Una vegada passada aquesta hora l\u00edmit d&#8217;inici, ja no es permetr\u00e0 l&#8217;acc\u00e9s a aquesta.<\/li>\n<li>No es permet l&#8217;acc\u00e9s d&#8217;animals de companyia a la visita, excepte cans pigall.<\/li>\n<li>L&#8217;organitzaci\u00f3 es reserva la capacitat de cancel\u00b7lar la visita, amb o sense preav\u00eds, pels motius que consideri oportuns, retornant l&#8217;import ja pagat als qui no haguessin pogut gaudir de la mateixa amb motiu d&#8217;aquesta cancel\u00b7laci\u00f3.<\/li>\n<li>Si us plau, sigui tan amable de verificar acuradament les dades de la reserva, perqu\u00e8\u00a0una vegada confirmada no s&#8217;admetran canvis ni devolucions. Si necessita informaci\u00f3 addicional sobre les Visites a les Terrasses, pot posar-se en contacte amb el nostre equip en el correu\u00a0<span id=\"cloak5901d15f7c3bc5b8ea4179082698a44d\"><\/span><a href=\"https:\/\/desarrollo.catedraldemallorca.org\/ca\/contacte\/?contact=Informaci\u00f3\">secretaria@catedraldemallorca.org<\/a>.<\/li>\n<li>L&#8217;organitzaci\u00f3 es reserva el dret d&#8217;admissi\u00f3.<\/li>\n<\/ol>\n<\/div>\n<p><em><b>CONDICIONS DURANT LA VISITA<\/b><\/em><\/p>\n<div class=\"traductor-checkbox form-group\">\u00a0<\/div>\n<ol>\n<li>Els visitants menors de 18 anys hauran d&#8217;anar acompanyats per un adult, havent de ser la relaci\u00f3, com a m\u00ednim, d&#8217;un adult per cada menor.<\/li>\n<li>Els visitants es comprometen a mantenir un comportament i una actitud respectuosa cap al monument.<\/li>\n<li>No est\u00e0 perm\u00e8s i est\u00e0 penat per llei atemptar contra la integritat del patrimoni, fent pintades, grafitis, etc.<\/li>\n<li>La no observan\u00e7a de les indicacions en temes de conservaci\u00f3 del patrimoni assenyalades pel personal de la Catedral pot arribar a ocasionar l&#8217;expulsi\u00f3 immediata de la visita, sense dret a cap mena de reemborsament.<\/li>\n<li>No est\u00e0 perm\u00e8s llan\u00e7ar objectes, ni consumir aliments i\/o begudes (excepte aigua)<\/li>\n<li>No est\u00e0 perm\u00e8s fumar durant la visita.<\/li>\n<li>Els visitants hauran de vigilar sempre els seus objectes personals.<\/li>\n<li>Es prega utilitzar una vestimenta formal concorde a un temple religi\u00f3s i evitar acudir en vestit de bany, sense samarreta etc.<\/li>\n<\/ol>\n<p><b>IMPORTANT:<\/b> L&#8217;incompliment de qualsevol d&#8217;aquestes normes pot provocar la no admissi\u00f3, la interrupci\u00f3 i\/o l&#8217;expulsi\u00f3 de la visita sense dret a cap tipus de canvi o reemborsament. La visita a les terrasses inclou la visita a la Catedral de Mallorca, dins de l&#8217;horari normal de visita. Els divendres de cada setmana s&#8217;ofereix la visita gratu\u00efta per a residents i naturals de la di\u00f2cesi de Mallorca, s&#8217;haur\u00e0 d&#8217;adquirir l&#8217;entrada en les taquilles de la Catedral i acreditar documentalment aquesta circumst\u00e0ncia de resid\u00e8ncia o naturalitat.<\/p>\n<p>[\/et_pb_toggle][\/et_pb_column][\/et_pb_row][et_pb_row column_structure=\u00bb1_3,2_3&#8243; use_custom_gutter=\u00bbon\u00bb make_equal=\u00bbon\u00bb disabled_on=\u00bboff|off|off\u00bb admin_label=\u00bbVisita Catedral + Museu d\u2019Art Sacre + Audioguia\u00bb module_id=\u00bbterrazas\u00bb _builder_version=\u00bb4.27.6&#8243; _module_preset=\u00bbdefault\u00bb width_tablet=\u00bb\u00bb width_phone=\u00bb90%\u00bb width_last_edited=\u00bbon|phone\u00bb max_width=\u00bb1180px\u00bb custom_margin=\u00bb||20px||false|false\u00bb custom_padding=\u00bb|30px||30px|false|true\u00bb border_radii=\u00bbon|5px|5px|5px|5px\u00bb border_width_all=\u00bb2px\u00bb border_color_all=\u00bbRGBA(255,255,255,0)\u00bb collapsed=\u00bboff\u00bb global_colors_info=\u00bb{}\u00bb][et_pb_column type=\u00bb1_3&#8243; _builder_version=\u00bb4.16&#8243; _module_preset=\u00bbdefault\u00bb global_colors_info=\u00bb{}\u00bb][et_pb_text _builder_version=\u00bb4.27.6&#8243; _module_preset=\u00bbdefault\u00bb header_3_font=\u00bb|600|||||||\u00bb text_orientation=\u00bbcenter\u00bb custom_margin=\u00bb||15px||false|false\u00bb global_colors_info=\u00bb{}\u00bb]<\/p>\n<h3>\u200bVisita Catedral + Museu d\u2019Art Sacre + Audioguia<\/h3>\n<p>[\/et_pb_text][et_pb_image src=\u00bbhttps:\/\/catedraldemallorca.org\/wp-content\/uploads\/2026\/07\/1762343551AUDIOGUIACAT.jpg\u00bb title_text=\u00bb1762343551AUDIOGUIACAT\u00bb align=\u00bbcenter\u00bb _builder_version=\u00bb4.27.6&#8243; _module_preset=\u00bbdefault\u00bb max_width=\u00bb420px\u00bb global_colors_info=\u00bb{}\u00bb][\/et_pb_image][et_pb_button button_url=\u00bbhttps:\/\/catedraldemallorca.entradasdemuseos.com\/visit\/visita-catedral-museo-de-arte-sacro-audioguia\u00bb button_text=\u00bbADQUIRIR\u00bb button_alignment=\u00bbcenter\u00bb module_class=\u00bbdisabled\u00bb _builder_version=\u00bb4.27.6&#8243; _module_preset=\u00bbdefault\u00bb custom_button=\u00bbon\u00bb button_text_size=\u00bb15px\u00bb button_text_color=\u00bb#000000&#8243; button_bg_color=\u00bb#FFFFFF\u00bb button_border_width=\u00bb2px\u00bb button_border_radius=\u00bb3px\u00bb button_font=\u00bb|600|||||||\u00bb global_colors_info=\u00bb{}\u00bb button_bg_color__hover_enabled=\u00bbon|desktop\u00bb button_bg_color__hover=\u00bb#f8f8f8&#8243; button_bg_enable_color__hover=\u00bbon\u00bb][\/et_pb_button][\/et_pb_column][et_pb_column type=\u00bb2_3&#8243; _builder_version=\u00bb4.16&#8243; _module_preset=\u00bbdefault\u00bb global_colors_info=\u00bb{}\u00bb][et_pb_text _builder_version=\u00bb4.27.6&#8243; _module_preset=\u00bbdefault\u00bb text_font=\u00bb|600|||||||\u00bb text_text_color=\u00bb#000000&#8243; text_font_size=\u00bb16px\u00bb custom_margin=\u00bb||14px|||\u00bb global_colors_info=\u00bb{}\u00bb]<\/p>\n<p>Inclou: Entrada Catedral + Museu d&#8217;Art Sacre + Audioguia<\/p>\n<p>[\/et_pb_text][et_pb_text disabled_on=\u00bbon|on|off\u00bb _builder_version=\u00bb4.27.6&#8243; _module_preset=\u00bbdefault\u00bb text_text_color=\u00bb#000000&#8243; text_font_size=\u00bb15px\u00bb custom_margin=\u00bb||20px||false|false\u00bb global_colors_info=\u00bb{}\u00bb]<\/p>\n<p><span>Vine a visitar un dels monuments m\u00e9s coneguts del mediterrani, la Catedral de Mallorca. Edificada a partir del segle XIII, la seva nau central t\u00e9 aproximadament 44 metres d\u2019altura convertint-la en una de les catedrals m\u00e9s altes d\u2019Europa. Coneix des de prop la seva hist\u00f2ria i les seves reformes m\u00e9s importants que es varen realitzar: la d\u2019Antoni Gaud\u00ed i la de Miquel Barcel\u00f3<\/span><\/p>\n<p>[\/et_pb_text][et_pb_toggle title=\u00bbTARIFES\u00bb open_toggle_text_color=\u00bb#000000&#8243; open_toggle_background_color=\u00bbRGBA(255,255,255,0)\u00bb closed_toggle_text_color=\u00bb#000000&#8243; closed_toggle_background_color=\u00bbRGBA(255,255,255,0)\u00bb icon_color=\u00bb#000000&#8243; toggle_icon=\u00bb&#x43;||divi||400&#8243; use_icon_font_size=\u00bbon\u00bb icon_font_size=\u00bb18px\u00bb open_icon_color=\u00bb#000000&#8243; open_toggle_icon=\u00bb&#x45;||divi||400&#8243; open_use_icon_font_size=\u00bbon\u00bb open_icon_font_size=\u00bb18px\u00bb module_class=\u00bbcstm-toggle\u00bb _builder_version=\u00bb4.27.6&#8243; _module_preset=\u00bbdefault\u00bb title_text_color=\u00bb#FFFFFF\u00bb title_font=\u00bb|600|||||||\u00bb title_font_size=\u00bb14px\u00bb body_text_color=\u00bb#000000&#8243; body_font_size=\u00bb15px\u00bb custom_margin=\u00bb||2px||false|false\u00bb custom_padding=\u00bb14px||14px||true|false\u00bb border_color_all=\u00bbRGBA(255,255,255,0)\u00bb icon_color__hover_enabled=\u00bboff|desktop\u00bb global_colors_info=\u00bb{}\u00bb custom_css_open_toggle__hover_enabled=\u00bboff|desktop\u00bb open_icon_color__hover_enabled=\u00bboff|desktop\u00bb]<\/p>\n<ul>\n<li>Adult: 16\u20ac<\/li>\n<\/ul>\n<p>&nbsp;<\/p>\n<p>[\/et_pb_toggle][et_pb_toggle title=\u00bbHORARIS\u00bb open_toggle_text_color=\u00bb#000000&#8243; open_toggle_background_color=\u00bbRGBA(255,255,255,0)\u00bb closed_toggle_text_color=\u00bb#000000&#8243; closed_toggle_background_color=\u00bbRGBA(255,255,255,0)\u00bb icon_color=\u00bb#000000&#8243; toggle_icon=\u00bb&#x43;||divi||400&#8243; use_icon_font_size=\u00bbon\u00bb icon_font_size=\u00bb18px\u00bb open_icon_color=\u00bb#000000&#8243; open_toggle_icon=\u00bb&#x45;||divi||400&#8243; open_use_icon_font_size=\u00bbon\u00bb open_icon_font_size=\u00bb18px\u00bb module_class=\u00bbcstm-toggle\u00bb _builder_version=\u00bb4.27.7&#8243; _module_preset=\u00bbdefault\u00bb title_text_color=\u00bb#FFFFFF\u00bb title_font=\u00bb|600|||||||\u00bb title_font_size=\u00bb14px\u00bb body_text_color=\u00bb#000000&#8243; body_font_size=\u00bb15px\u00bb custom_margin=\u00bb||2px||false|false\u00bb custom_padding=\u00bb14px||14px||true|false\u00bb hover_enabled=\u00bb0&#8243; border_color_all=\u00bbRGBA(255,255,255,0)\u00bb icon_color__hover_enabled=\u00bboff|desktop\u00bb global_colors_info=\u00bb{}\u00bb custom_css_open_toggle__hover_enabled=\u00bboff|desktop\u00bb open_icon_color__hover_enabled=\u00bboff|desktop\u00bb sticky_enabled=\u00bb0&#8243;]<\/p>\n<p>Horari d\u2019estiu d\u2019abril a novembre<\/p>\n<ul>\n<li>De dilluns a divendres de 10:00h a 17:15h.<\/li>\n<li>Dissabtes de 10:00h a 14:15h.<\/li>\n<\/ul>\n<p>Horari d\u2019hivern de desembre a mar\u00e7<\/p>\n<ul>\n<li>De dilluns a divendres: de 10:00h a 15:15h.<\/li>\n<li>Dissabtes de 10:00h a 14:15h.<\/li>\n<li><i class=\"fas fa-info-circle icon-info\" aria-hidden=\"true\"><\/i>Diumenges tancat<\/li>\n<\/ul>\n<p>[\/et_pb_toggle][et_pb_toggle title=\u00bbNORMATIVA\u00bb open_toggle_text_color=\u00bb#000000&#8243; open_toggle_background_color=\u00bbRGBA(255,255,255,0)\u00bb closed_toggle_text_color=\u00bb#000000&#8243; closed_toggle_background_color=\u00bbRGBA(255,255,255,0)\u00bb icon_color=\u00bb#000000&#8243; toggle_icon=\u00bb&#x43;||divi||400&#8243; use_icon_font_size=\u00bbon\u00bb icon_font_size=\u00bb18px\u00bb open_icon_color=\u00bb#000000&#8243; open_toggle_icon=\u00bb&#x45;||divi||400&#8243; open_use_icon_font_size=\u00bbon\u00bb open_icon_font_size=\u00bb18px\u00bb module_class=\u00bbcstm-toggle\u00bb _builder_version=\u00bb4.24.2&#8243; _module_preset=\u00bbdefault\u00bb title_text_color=\u00bb#FFFFFF\u00bb title_font=\u00bb|600|||||||\u00bb title_font_size=\u00bb14px\u00bb body_text_color=\u00bb#000000&#8243; body_font_size=\u00bb15px\u00bb custom_margin=\u00bb||2px||false|false\u00bb custom_padding=\u00bb14px||14px||true|false\u00bb border_color_all=\u00bbRGBA(255,255,255,0)\u00bb icon_color__hover_enabled=\u00bboff|desktop\u00bb global_colors_info=\u00bb{}\u00bb custom_css_open_toggle__hover_enabled=\u00bboff|desktop\u00bb open_icon_color__hover_enabled=\u00bboff|desktop\u00bb]<\/p>\n<p><em><b>CONDICIONS PR\u00c8VIES A LA VISITA<\/b><\/em><\/p>\n<div>\n<ol>\n<li>A causa de les caracter\u00edstiques i dificultat del recorregut, i per motius de seguretat, l&#8217;acc\u00e9s a la visita queda limitat a: 1.1 persones que no presentin malalties cardiorespirat\u00f2ries, vertigen o mobilitat redu\u00efda per motius d&#8217;edat o salut. 1.2 persones majors de 9 anys. En el cas de menors d&#8217;edat, \u00e9s obligat\u00f2ria l&#8217;acreditaci\u00f3 de la mateixa per mitj\u00e0 d&#8217;un document d&#8217;identitat oficial.<\/li>\n<li>En acceptar aquests termes i condicions, l&#8217;usuari confirma la veracitat de les dades facilitades, aix\u00ed com del compliment dels requisits f\u00edsics i\/o de salut esmentats en el punt anterior, eximint de qualsevol responsabilitat derivada de qualsevol possible mal per tals motius a la Catedral de Mallorca.<\/li>\n<li>L&#8217;entrada per a totes les visites sempre es realizar\u00e0 per l&#8217;entrada del Museu Catedral, Plaza de la Seu s\/n. A l&#8217;interior de la Catedral s&#8217;ha habilitat, en el Portal de la Almoina, un Punt de Trobada per a l&#8217;acc\u00e9s a les visites a les Terrasses. \u00c9s imprescindible la presentaci\u00f3 de la reserva rebuda per correu electr\u00f2nic per a procedir a la seva validaci\u00f3 abans de comen\u00e7ar la visita..<\/li>\n<li>Les visites s&#8217;iniciaran puntualment dins dels marges horaris assenyalats en la reserva, i tindran una durada m\u00e0xima d&#8217;una hora. Una vegada passada aquesta hora l\u00edmit d&#8217;inici, ja no es permetr\u00e0 l&#8217;acc\u00e9s a aquesta.<\/li>\n<li>No es permet l&#8217;acc\u00e9s d&#8217;animals de companyia a la visita, excepte cans pigall.<\/li>\n<li>L&#8217;organitzaci\u00f3 es reserva la capacitat de cancel\u00b7lar la visita, amb o sense preav\u00eds, pels motius que consideri oportuns, retornant l&#8217;import ja pagat als qui no haguessin pogut gaudir de la mateixa amb motiu d&#8217;aquesta cancel\u00b7laci\u00f3.<\/li>\n<li>Si us plau, sigui tan amable de verificar acuradament les dades de la reserva, perqu\u00e8\u00a0una vegada confirmada no s&#8217;admetran canvis ni devolucions. Si necessita informaci\u00f3 addicional sobre les Visites a les Terrasses, pot posar-se en contacte amb el nostre equip en el correu\u00a0<span id=\"cloak5901d15f7c3bc5b8ea4179082698a44d\"><\/span><a href=\"https:\/\/desarrollo.catedraldemallorca.org\/ca\/contacte\/?contact=Informaci\u00f3\">secretaria@catedraldemallorca.org<\/a>.<\/li>\n<li>L&#8217;organitzaci\u00f3 es reserva el dret d&#8217;admissi\u00f3.<\/li>\n<\/ol>\n<\/div>\n<p><em><b>CONDICIONS DURANT LA VISITA<\/b><\/em><\/p>\n<div class=\"traductor-checkbox form-group\">\u00a0<\/div>\n<ol>\n<li>Els visitants menors de 18 anys hauran d&#8217;anar acompanyats per un adult, havent de ser la relaci\u00f3, com a m\u00ednim, d&#8217;un adult per cada menor.<\/li>\n<li>Els visitants es comprometen a mantenir un comportament i una actitud respectuosa cap al monument.<\/li>\n<li>No est\u00e0 perm\u00e8s i est\u00e0 penat per llei atemptar contra la integritat del patrimoni, fent pintades, grafitis, etc.<\/li>\n<li>La no observan\u00e7a de les indicacions en temes de conservaci\u00f3 del patrimoni assenyalades pel personal de la Catedral pot arribar a ocasionar l&#8217;expulsi\u00f3 immediata de la visita, sense dret a cap mena de reemborsament.<\/li>\n<li>No est\u00e0 perm\u00e8s llan\u00e7ar objectes, ni consumir aliments i\/o begudes (excepte aigua)<\/li>\n<li>No est\u00e0 perm\u00e8s fumar durant la visita.<\/li>\n<li>Els visitants hauran de vigilar sempre els seus objectes personals.<\/li>\n<li>Es prega utilitzar una vestimenta formal concorde a un temple religi\u00f3s i evitar acudir en vestit de bany, sense samarreta etc.<\/li>\n<\/ol>\n<p><b>IMPORTANT:<\/b> L&#8217;incompliment de qualsevol d&#8217;aquestes normes pot provocar la no admissi\u00f3, la interrupci\u00f3 i\/o l&#8217;expulsi\u00f3 de la visita sense dret a cap tipus de canvi o reemborsament. La visita a les terrasses inclou la visita a la Catedral de Mallorca, dins de l&#8217;horari normal de visita. Els divendres de cada setmana s&#8217;ofereix la visita gratu\u00efta per a residents i naturals de la di\u00f2cesi de Mallorca, s&#8217;haur\u00e0 d&#8217;adquirir l&#8217;entrada en les taquilles de la Catedral i acreditar documentalment aquesta circumst\u00e0ncia de resid\u00e8ncia o naturalitat.<\/p>\n<p>[\/et_pb_toggle][\/et_pb_column][\/et_pb_row][et_pb_row column_structure=\u00bb1_3,2_3&#8243; use_custom_gutter=\u00bbon\u00bb make_equal=\u00bbon\u00bb admin_label=\u00bbEntrada general\u00bb _builder_version=\u00bb4.27.4&#8243; _module_preset=\u00bbdefault\u00bb width_tablet=\u00bb\u00bb width_phone=\u00bb90%\u00bb width_last_edited=\u00bbon|phone\u00bb max_width=\u00bb1180px\u00bb custom_margin=\u00bb||20px||false|false\u00bb custom_padding=\u00bb|30px||30px|false|true\u00bb border_radii=\u00bbon|5px|5px|5px|5px\u00bb border_width_all=\u00bb2px\u00bb border_color_all=\u00bbRGBA(255,255,255,0)\u00bb collapsed=\u00bboff\u00bb global_colors_info=\u00bb{}\u00bb][et_pb_column type=\u00bb1_3&#8243; _builder_version=\u00bb4.16&#8243; _module_preset=\u00bbdefault\u00bb global_colors_info=\u00bb{}\u00bb][et_pb_text _builder_version=\u00bb4.27.0&#8243; _module_preset=\u00bbdefault\u00bb header_3_font=\u00bb|600|||||||\u00bb text_orientation=\u00bbcenter\u00bb custom_margin=\u00bb||15px||false|false\u00bb global_colors_info=\u00bb{}\u00bb]<\/p>\n<h3><span style=\"color: #d3172e;\">Catedral de Mallorca<\/span><\/h3>\n<p>[\/et_pb_text][et_pb_image src=\u00bbhttps:\/\/catedraldemallorca.org\/wp-content\/uploads\/2021\/10\/Visita_Catedral_de_Mallorca.jpg\u00bb title_text=\u00bbVisita_Catedral_de_Mallorca\u00bb align=\u00bbcenter\u00bb _builder_version=\u00bb4.16&#8243; _module_preset=\u00bbdefault\u00bb max_width=\u00bb420px\u00bb global_colors_info=\u00bb{}\u00bb][\/et_pb_image][et_pb_button button_url=\u00bbhttps:\/\/catedraldemallorca.entradasdemuseos.com\/visit\/visita-catedral-museo-de-arte-sacro\u00bb button_text=\u00bbADQUIRIR\u00bb button_alignment=\u00bbcenter\u00bb admin_label=\u00bbBot\u00f3n Online Catedral + MASM\u00bb _builder_version=\u00bb4.27.0&#8243; _module_preset=\u00bbdefault\u00bb custom_button=\u00bbon\u00bb button_text_size=\u00bb15px\u00bb button_text_color=\u00bb#000000&#8243; button_bg_color=\u00bb#FFFFFF\u00bb button_border_width=\u00bb2px\u00bb button_border_radius=\u00bb3px\u00bb button_font=\u00bb|600|||||||\u00bb global_colors_info=\u00bb{}\u00bb button_bg_color__hover_enabled=\u00bbon|desktop\u00bb button_bg_color__hover=\u00bb#f8f8f8&#8243; button_bg_enable_color__hover=\u00bbon\u00bb][\/et_pb_button][\/et_pb_column][et_pb_column type=\u00bb2_3&#8243; _builder_version=\u00bb4.16&#8243; _module_preset=\u00bbdefault\u00bb global_colors_info=\u00bb{}\u00bb][et_pb_text _builder_version=\u00bb4.24.2&#8243; _module_preset=\u00bbdefault\u00bb text_font=\u00bb|600|||||||\u00bb text_text_color=\u00bb#000000&#8243; text_font_size=\u00bb16px\u00bb custom_margin=\u00bb||14px|||\u00bb global_colors_info=\u00bb{}\u00bb]<\/p>\n<p>Inclou: Entrada Catedral + Museu d&#8217;Art Sacre<\/p>\n<p>[\/et_pb_text][et_pb_text _builder_version=\u00bb4.16&#8243; _module_preset=\u00bbdefault\u00bb text_font=\u00bb||||||||\u00bb text_text_color=\u00bb#000000&#8243; text_font_size=\u00bb16px\u00bb custom_margin=\u00bb||20px||false|false\u00bb global_colors_info=\u00bb{}\u00bb]<\/p>\n<p>Opcional: Audioguia\u00a0<i class=\"fas fa-volume-up\"><\/i><\/p>\n<p>[\/et_pb_text][et_pb_text disabled_on=\u00bbon|on|off\u00bb _builder_version=\u00bb4.16&#8243; _module_preset=\u00bbdefault\u00bb text_text_color=\u00bb#000000&#8243; text_font_size=\u00bb15px\u00bb custom_margin=\u00bb||20px||false|false\u00bb global_colors_info=\u00bb{}\u00bb]<\/p>\n<p>Vine a visitar un dels monuments m\u00e9s coneguts del mediterrani, la Catedral de Mallorca. Edificada a partir del segle XIII, la seva nau central t\u00e9 aproximadament 44 metres d&#8217;altura convertint-la en una de les catedrals m\u00e9s altes d&#8217;Europa. Coneix des de prop la seva hist\u00f2ria i les seves reformes m\u00e9s importants que es varen realitzar: la d&#8217;Antoni Gaud\u00ed i la de Miquel Barcel\u00f3.<\/p>\n<p>[\/et_pb_text][et_pb_toggle title=\u00bbTARIFES\u00bb open_toggle_text_color=\u00bb#000000&#8243; open_toggle_background_color=\u00bbRGBA(255,255,255,0)\u00bb closed_toggle_text_color=\u00bb#000000&#8243; closed_toggle_background_color=\u00bbRGBA(255,255,255,0)\u00bb icon_color=\u00bb#000000&#8243; toggle_icon=\u00bb&#x43;||divi||400&#8243; use_icon_font_size=\u00bbon\u00bb icon_font_size=\u00bb18px\u00bb open_icon_color=\u00bb#000000&#8243; open_toggle_icon=\u00bb&#x45;||divi||400&#8243; open_use_icon_font_size=\u00bbon\u00bb open_icon_font_size=\u00bb18px\u00bb module_class=\u00bbcstm-toggle\u00bb _builder_version=\u00bb4.27.5&#8243; _module_preset=\u00bbdefault\u00bb title_text_color=\u00bb#FFFFFF\u00bb title_font=\u00bb|600|||||||\u00bb title_font_size=\u00bb14px\u00bb body_text_color=\u00bb#000000&#8243; body_font_size=\u00bb15px\u00bb custom_margin=\u00bb||2px||false|false\u00bb custom_padding=\u00bb14px||14px||true|false\u00bb border_color_all=\u00bbRGBA(255,255,255,0)\u00bb icon_color__hover_enabled=\u00bboff|desktop\u00bb global_colors_info=\u00bb{}\u00bb custom_css_open_toggle__hover_enabled=\u00bboff|desktop\u00bb open_icon_color__hover_enabled=\u00bboff|desktop\u00bb]<\/p>\n<ul>\n<li>Adult: 11\u20ac<\/li>\n<li>Majors de 65 anys: 9\u20ac<\/li>\n<li>Preferent: 8\u20ac<\/li>\n<\/ul>\n<p><em>* L\u2019entrada preferent s\u2019haur\u00e0 d\u2019adquirir a les taquilles de la Catedral i s\u2019haur\u00e1 d\u2019acreditar per mitj\u00e0 del carnet d\u2019estudiant universitari, targeta de desocupaci\u00f3 en vigor o certificat de discapacitat.<\/em><\/p>\n<p><em>* Poden beneficiar-se d\u2019importants reduccions de fins al 100% adquirint les entrades directament a les taquilles de la Catedral de Mallorca i acreditant documentalment:<\/em><\/p>\n<ul>\n<li><em>Els residents i naturals de Balears.<\/em><\/li>\n<li><em>Nins igual o menors de 8 anys.<\/em><\/li>\n<li><em>Discapacitat igual o superior al 65% amb 1 acompanyant.<\/em><\/li>\n<\/ul>\n<p>[\/et_pb_toggle][et_pb_toggle title=\u00bbHORARIS\u00bb open_toggle_text_color=\u00bb#000000&#8243; open_toggle_background_color=\u00bbRGBA(255,255,255,0)\u00bb closed_toggle_text_color=\u00bb#000000&#8243; closed_toggle_background_color=\u00bbRGBA(255,255,255,0)\u00bb icon_color=\u00bb#000000&#8243; toggle_icon=\u00bb&#x43;||divi||400&#8243; use_icon_font_size=\u00bbon\u00bb icon_font_size=\u00bb18px\u00bb open_icon_color=\u00bb#000000&#8243; open_toggle_icon=\u00bb&#x45;||divi||400&#8243; open_use_icon_font_size=\u00bbon\u00bb open_icon_font_size=\u00bb18px\u00bb module_class=\u00bbcstm-toggle\u00bb _builder_version=\u00bb4.27.7&#8243; _module_preset=\u00bbdefault\u00bb title_text_color=\u00bb#FFFFFF\u00bb title_font=\u00bb|600|||||||\u00bb title_font_size=\u00bb14px\u00bb body_text_color=\u00bb#000000&#8243; body_font_size=\u00bb15px\u00bb custom_margin=\u00bb||2px||false|false\u00bb custom_padding=\u00bb14px||14px||true|false\u00bb hover_enabled=\u00bb0&#8243; border_color_all=\u00bbRGBA(255,255,255,0)\u00bb icon_color__hover_enabled=\u00bboff|desktop\u00bb global_colors_info=\u00bb{}\u00bb custom_css_open_toggle__hover_enabled=\u00bboff|desktop\u00bb open_icon_color__hover_enabled=\u00bboff|desktop\u00bb sticky_enabled=\u00bb0&#8243;]<\/p>\n<p>Horari d\u2019estiu d\u2019abril a novembre<\/p>\n<ul>\n<li>De dilluns a divendres de 10:00h a 17:15h.<\/li>\n<li>Dissabtes de 10:00h a 14:15h.<\/li>\n<\/ul>\n<p>Horari d\u2019hivern de desembre a mar\u00e7<\/p>\n<ul>\n<li>De dilluns a divendres: de 10:00h a 15:15h.<\/li>\n<li>Dissabtes de 10:00h a 14:15h.<\/li>\n<li><i class=\"fas fa-info-circle icon-info\" aria-hidden=\"true\"><\/i>Diumenges tancat<\/li>\n<\/ul>\n<p>[\/et_pb_toggle][et_pb_toggle title=\u00bbNORMATIVA\u00bb open_toggle_text_color=\u00bb#000000&#8243; open_toggle_background_color=\u00bbRGBA(255,255,255,0)\u00bb closed_toggle_text_color=\u00bb#000000&#8243; closed_toggle_background_color=\u00bbRGBA(255,255,255,0)\u00bb icon_color=\u00bb#000000&#8243; toggle_icon=\u00bb&#x43;||divi||400&#8243; use_icon_font_size=\u00bbon\u00bb icon_font_size=\u00bb18px\u00bb open_icon_color=\u00bb#000000&#8243; open_toggle_icon=\u00bb&#x45;||divi||400&#8243; open_use_icon_font_size=\u00bbon\u00bb open_icon_font_size=\u00bb18px\u00bb module_class=\u00bbcstm-toggle\u00bb _builder_version=\u00bb4.27.7&#8243; _module_preset=\u00bbdefault\u00bb title_text_color=\u00bb#FFFFFF\u00bb title_font=\u00bb|600|||||||\u00bb title_font_size=\u00bb14px\u00bb body_text_color=\u00bb#000000&#8243; body_font_size=\u00bb15px\u00bb custom_margin=\u00bb||2px||false|false\u00bb custom_padding=\u00bb14px||14px||true|false\u00bb border_color_all=\u00bbRGBA(255,255,255,0)\u00bb icon_color__hover_enabled=\u00bboff|desktop\u00bb global_colors_info=\u00bb{}\u00bb custom_css_open_toggle__hover_enabled=\u00bboff|desktop\u00bb open_icon_color__hover_enabled=\u00bboff|desktop\u00bb]<\/p>\n<p data-start=\"0\" data-end=\"30\" class=\"PDq2pG_selectionAnchorContainer\">CONDICIONS PR\u00c8VIES A LA VISITA<span aria-hidden=\"true\" class=\"PDq2pG_selectionAnchor\"><\/span><\/p>\n<p data-start=\"32\" data-end=\"261\">L\u2019entrada per a totes les visites es far\u00e0 sempre per l\u2019entrada del Museu de la Catedral, pla\u00e7a de la Seu, s\/n. \u00c9s imprescindible presentar la reserva rebuda per correu electr\u00f2nic perqu\u00e8 sigui validada abans de comen\u00e7ar la visita.<\/p>\n<p data-start=\"263\" data-end=\"336\">Les visites s\u2019iniciaran dins les franges hor\u00e0ries indicades a la reserva.<\/p>\n<p data-start=\"338\" data-end=\"424\">No es permet l\u2019acc\u00e9s d\u2019animals de companyia durant la visita, excepte els gossos guia.<\/p>\n<p data-start=\"426\" data-end=\"673\">L\u2019organitzaci\u00f3 es reserva el dret de cancel\u00b7lar la visita, amb av\u00eds previ o sense, pels motius que consideri oportuns. En aquest cas, es retornar\u00e0 l\u2019import ja abonat a les persones que no hagin pogut gaudir de la visita a causa de la cancel\u00b7laci\u00f3.<\/p>\n<p data-start=\"675\" data-end=\"799\">Es prega dur una vestimenta formal adequada a un temple religi\u00f3s i evitar acudir-hi amb vestit de bany, sense camiseta, etc.<\/p>\n<p data-start=\"801\" data-end=\"1003\">D\u2019acord amb les normes internacionals de seguretat, no es permetr\u00e0 accedir al recinte amb maletes de viatge ni embalums voluminosos. Us informam que la Catedral no disposa de taquilles on dipositar-los.<\/p>\n<p data-start=\"1005\" data-end=\"1315\">Si us plau, verificau acuradament les dades de la reserva, ja que, una vegada confirmada, no s\u2019admetran canvis ni devolucions. Si necessitau informaci\u00f3 addicional, podeu contactar amb el nostre equip mitjan\u00e7ant el correu electr\u00f2nic <a data-start=\"1237\" data-end=\"1314\" class=\"decorated-link\" rel=\"noopener\" href=\"mailto:secretaria@catedraldemallorca.org\">secretaria@catedraldemallorca.org<\/a>.<\/p>\n<p data-start=\"1317\" data-end=\"1362\">L\u2019organitzaci\u00f3 es reserva el dret d\u2019admissi\u00f3.<\/p>\n<p data-start=\"1364\" data-end=\"1524\">En acceptar aquests termes i condicions, l\u2019usuari confirma la veracitat de les dades facilitades i eximeix la Catedral de Mallorca de qualsevol responsabilitat.<\/p>\n<p data-start=\"1526\" data-end=\"1553\">CONDICIONS DURANT LA VISITA<\/p>\n<p data-start=\"1555\" data-end=\"1657\">Els visitants es comprometen a mantenir un comportament i una actitud respectuosos envers el monument.<\/p>\n<p data-start=\"1659\" data-end=\"1791\">No es permet atemptar contra la integritat del patrimoni fent pintades, grafits, etc. Aquestes accions estan castigades per la llei.<\/p>\n<p data-start=\"1793\" data-end=\"1984\">L\u2019incompliment de les indicacions del personal de la Catedral relatives a la conservaci\u00f3 del patrimoni pot comportar l\u2019expulsi\u00f3 immediata de la visita, sense dret a cap mena de reemborsament.<\/p>\n<p data-start=\"1986\" data-end=\"2062\">No es permet llan\u00e7ar objectes ni consumir aliments o begudes, excepte aigua.<\/p>\n<p data-start=\"2064\" data-end=\"2100\">No es permet fumar durant la visita.<\/p>\n<p data-start=\"2102\" data-end=\"2176\">Els visitants hauran de vigilar en tot moment els seus objectes personals.<\/p>\n<p data-start=\"2178\" data-end=\"2363\" data-is-last-node=\"\" data-is-only-node=\"\">IMPORTANT: L\u2019incompliment de qualsevol d\u2019aquestes normes pot comportar la denegaci\u00f3 de l\u2019acc\u00e9s, la interrupci\u00f3 de la visita o l\u2019expulsi\u00f3, sense dret a cap mena de canvi o reemborsament.<\/p>\n<p>[\/et_pb_toggle][\/et_pb_column][\/et_pb_row][et_pb_row column_structure=\u00bb1_3,2_3&#8243; use_custom_gutter=\u00bbon\u00bb make_equal=\u00bbon\u00bb disabled_on=\u00bbon|on|on\u00bb admin_label=\u00bbVISITA GUIADA\u00bb _builder_version=\u00bb4.27.4&#8243; _module_preset=\u00bbdefault\u00bb width_tablet=\u00bb\u00bb width_phone=\u00bb90%\u00bb width_last_edited=\u00bbon|phone\u00bb max_width=\u00bb1180px\u00bb custom_margin=\u00bb||20px||false|false\u00bb custom_padding=\u00bb|30px||30px|false|true\u00bb border_radii=\u00bbon|5px|5px|5px|5px\u00bb border_width_all=\u00bb2px\u00bb border_color_all=\u00bbRGBA(255,255,255,0)\u00bb disabled=\u00bbon\u00bb global_colors_info=\u00bb{}\u00bb][et_pb_column type=\u00bb1_3&#8243; _builder_version=\u00bb4.27.4&#8243; _module_preset=\u00bbdefault\u00bb global_colors_info=\u00bb{}\u00bb][et_pb_text _builder_version=\u00bb4.27.0&#8243; _module_preset=\u00bbdefault\u00bb header_3_font=\u00bb|600|||||||\u00bb text_orientation=\u00bbcenter\u00bb custom_margin=\u00bb||15px||false|false\u00bb global_colors_info=\u00bb{}\u00bb]<\/p>\n<h3><span style=\"color: #d3172e;\">Visita guiada Catedral de Mallorca<\/span><\/h3>\n<p>[\/et_pb_text][et_pb_image src=\u00bbhttps:\/\/catedraldemallorca.org\/wp-content\/uploads\/2021\/10\/visita_guiada_mallorca.jpg\u00bb title_text=\u00bbvisita_guiada_mallorca\u00bb align=\u00bbcenter\u00bb _builder_version=\u00bb4.16&#8243; _module_preset=\u00bbdefault\u00bb max_width=\u00bb420px\u00bb global_colors_info=\u00bb{}\u00bb][\/et_pb_image][et_pb_button button_url=\u00bbhttps:\/\/catedraldemallorca.entradasdemuseos.com\/visit\/visita-guiada-a-la-catedral-de-mallorca\u00bb button_text=\u00bbADQUIRIR\u00bb button_alignment=\u00bbcenter\u00bb _builder_version=\u00bb4.27.0&#8243; _module_preset=\u00bbdefault\u00bb custom_button=\u00bbon\u00bb button_text_size=\u00bb15px\u00bb button_text_color=\u00bb#000000&#8243; button_bg_color=\u00bb#FFFFFF\u00bb button_border_width=\u00bb2px\u00bb button_border_radius=\u00bb3px\u00bb button_font=\u00bb|600|||||||\u00bb global_colors_info=\u00bb{}\u00bb button_bg_color__hover_enabled=\u00bbon|desktop\u00bb button_bg_color__hover=\u00bb#f8f8f8&#8243; button_bg_enable_color__hover=\u00bbon\u00bb][\/et_pb_button][\/et_pb_column][et_pb_column type=\u00bb2_3&#8243; _builder_version=\u00bb4.27.4&#8243; _module_preset=\u00bbdefault\u00bb global_colors_info=\u00bb{}\u00bb][et_pb_text _builder_version=\u00bb4.24.2&#8243; _module_preset=\u00bbdefault\u00bb text_font=\u00bb|600|||||||\u00bb text_text_color=\u00bb#000000&#8243; text_font_size=\u00bb16px\u00bb custom_margin=\u00bb||20px||false|false\u00bb global_colors_info=\u00bb{}\u00bb]<\/p>\n<p>Inclou: Entrada Catedral + Guia certificat\u00a0<\/p>\n<p>[\/et_pb_text][et_pb_text disabled_on=\u00bbon|on|off\u00bb _builder_version=\u00bb4.16&#8243; _module_preset=\u00bbdefault\u00bb text_text_color=\u00bb#000000&#8243; text_font_size=\u00bb15px\u00bb custom_margin=\u00bb||20px||false|false\u00bb global_colors_info=\u00bb{}\u00bb]<\/p>\n<p>Descobreix un dels edificis m\u00e9s emblem\u00e0tics de Balears, la Catedral de Mallorca, a trav\u00e9s d&#8217;un recorregut on coneixer\u00e0s llocs especials i la hist\u00f2ria que amaguen. Apunta&#8217;t a aquesta visita guiada disponible en 3 idiomes (castell\u00e0, angl\u00e8s i alemany). No deixis escapar aquesta oportunitat! Les places s\u00f3n limitades!<\/p>\n<p>[\/et_pb_text][et_pb_toggle title=\u00bbTARIFES\u00bb open_toggle_text_color=\u00bb#000000&#8243; open_toggle_background_color=\u00bbRGBA(255,255,255,0)\u00bb closed_toggle_text_color=\u00bb#000000&#8243; closed_toggle_background_color=\u00bbRGBA(255,255,255,0)\u00bb icon_color=\u00bb#000000&#8243; toggle_icon=\u00bb&#x43;||divi||400&#8243; use_icon_font_size=\u00bbon\u00bb icon_font_size=\u00bb18px\u00bb open_icon_color=\u00bb#000000&#8243; open_toggle_icon=\u00bb&#x45;||divi||400&#8243; open_use_icon_font_size=\u00bbon\u00bb open_icon_font_size=\u00bb18px\u00bb module_class=\u00bbcstm-toggle\u00bb _builder_version=\u00bb4.24.2&#8243; _module_preset=\u00bbdefault\u00bb title_text_color=\u00bb#FFFFFF\u00bb title_font=\u00bb|600|||||||\u00bb title_font_size=\u00bb14px\u00bb body_text_color=\u00bb#000000&#8243; body_font_size=\u00bb15px\u00bb custom_margin=\u00bb||2px||false|false\u00bb custom_padding=\u00bb14px||14px||true|false\u00bb border_color_all=\u00bbRGBA(255,255,255,0)\u00bb icon_color__hover_enabled=\u00bboff|desktop\u00bb global_colors_info=\u00bb{}\u00bb custom_css_open_toggle__hover_enabled=\u00bboff|desktop\u00bb open_icon_color__hover_enabled=\u00bboff|desktop\u00bb]<\/p>\n<ul>\n<li>Adult: 30\u20ac<\/li>\n<\/ul>\n<p>[\/et_pb_toggle][et_pb_toggle title=\u00bbHORARIS\u00bb open_toggle_text_color=\u00bb#000000&#8243; open_toggle_background_color=\u00bbRGBA(255,255,255,0)\u00bb closed_toggle_text_color=\u00bb#000000&#8243; closed_toggle_background_color=\u00bbRGBA(255,255,255,0)\u00bb icon_color=\u00bb#000000&#8243; toggle_icon=\u00bb&#x43;||divi||400&#8243; use_icon_font_size=\u00bbon\u00bb icon_font_size=\u00bb18px\u00bb open_icon_color=\u00bb#000000&#8243; open_toggle_icon=\u00bb&#x45;||divi||400&#8243; open_use_icon_font_size=\u00bbon\u00bb open_icon_font_size=\u00bb18px\u00bb module_class=\u00bbcstm-toggle\u00bb _builder_version=\u00bb4.27.0&#8243; _module_preset=\u00bbdefault\u00bb title_text_color=\u00bb#FFFFFF\u00bb title_font=\u00bb|600|||||||\u00bb title_font_size=\u00bb14px\u00bb body_text_color=\u00bb#000000&#8243; body_font_size=\u00bb15px\u00bb custom_margin=\u00bb||2px||false|false\u00bb custom_padding=\u00bb14px||14px||true|false\u00bb border_color_all=\u00bbRGBA(255,255,255,0)\u00bb icon_color__hover_enabled=\u00bboff|desktop\u00bb global_colors_info=\u00bb{}\u00bb custom_css_open_toggle__hover_enabled=\u00bboff|desktop\u00bb open_icon_color__hover_enabled=\u00bboff|desktop\u00bb]<\/p>\n<p>Horari d\u2019estiu Abril-Octubre:<\/p>\n<ul>\n<li>Castell\u00e0: Dilluns, dimarts, dijous, dissabtes a les 12:15 h<\/li>\n<li>Angl\u00e8s: Dimarts, dijous, dissabtes a les 11:00 h<\/li>\n<\/ul>\n<p>Horari d\u2019hivern Novembre-Mar\u00e7 :<\/p>\n<ul>\n<li>Castell\u00e0: Dissabtes a les 12:30 h<\/li>\n<li>Angl\u00e8s: Dissabtes a les 11:00 h<\/li>\n<\/ul>\n<p>[\/et_pb_toggle][et_pb_toggle title=\u00bbNORMATIVA\u00bb open_toggle_text_color=\u00bb#000000&#8243; open_toggle_background_color=\u00bbRGBA(255,255,255,0)\u00bb closed_toggle_text_color=\u00bb#000000&#8243; closed_toggle_background_color=\u00bbRGBA(255,255,255,0)\u00bb icon_color=\u00bb#000000&#8243; toggle_icon=\u00bb&#x43;||divi||400&#8243; use_icon_font_size=\u00bbon\u00bb icon_font_size=\u00bb18px\u00bb open_icon_color=\u00bb#000000&#8243; open_toggle_icon=\u00bb&#x45;||divi||400&#8243; open_use_icon_font_size=\u00bbon\u00bb open_icon_font_size=\u00bb18px\u00bb module_class=\u00bbcstm-toggle\u00bb _builder_version=\u00bb4.24.2&#8243; _module_preset=\u00bbdefault\u00bb title_text_color=\u00bb#FFFFFF\u00bb title_font=\u00bb|600|||||||\u00bb title_font_size=\u00bb14px\u00bb body_text_color=\u00bb#000000&#8243; body_font_size=\u00bb15px\u00bb custom_margin=\u00bb||2px||false|false\u00bb custom_padding=\u00bb14px||14px||true|false\u00bb border_color_all=\u00bbRGBA(255,255,255,0)\u00bb icon_color__hover_enabled=\u00bboff|desktop\u00bb global_colors_info=\u00bb{}\u00bb custom_css_open_toggle__hover_enabled=\u00bboff|desktop\u00bb open_icon_color__hover_enabled=\u00bboff|desktop\u00bb]<\/p>\n<p><em><b>CONDICIONS PR\u00c8VIES A LA VISITA<\/b><\/em><\/p>\n<div>\n<ol>\n<li>L&#8217;entrada per a totes les visites sempre es realitzar\u00e0 per l&#8217;entrada del Museu de la Catedral, Plaza de la Seu s\/n. \u00c9s imprescindible la presentaci\u00f3 de la reserva rebuda per correu electr\u00f2nic per a procedir a la seva validaci\u00f3 abans de comen\u00e7ar la visita.<\/li>\n<li>Les visites s&#8217;iniciaran dins dels marges horaris assenyalats en la reserva.<\/li>\n<li>No es permet l&#8217;acc\u00e9s d&#8217;animals de companyia a la visita, excepte cans pigall.<\/li>\n<li>L&#8217;organitzaci\u00f3 es reserva la capacitat de cancel\u00b7lar la visita, amb o sense preav\u00eds, pels motius que consideri oportuns, retornant l&#8217;import ja pagat als qui no haguessin pogut gaudir de la mateixa amb motiu d&#8217;aquesta cancel\u00b7laci\u00f3.<\/li>\n<li>Es prega utilitzar una vestimenta formal concorde a un temple religi\u00f3s i evitar acudir en vestit de bany, sense camiseta etc.<\/li>\n<li>Seguint les normes de seguretat internacionals, no es permetr\u00e0 l&#8217;acc\u00e9s al recinte amb maletes de viatge ni embalums voluminosos. Els informem que la Catedral no disposa de taquilles on dipositar-los.<\/li>\n<li>Per favor, sigui tan amable de verificar acuradament les dades de la reserva, perqu\u00e8\u00a0una vegada confirmada no s&#8217;admetran canvis ni devolucions. Si necessita informaci\u00f3 addicional, pot posar-se en contacte amb el nostre equip en el correu\u00a0<span id=\"cloak10e62ac2690b9707b56a0710b9f7a904\"><\/span><a href=\"https:\/\/desarrollo.catedraldemallorca.org\/ca\/contacte\/?contact=Informaci\u00f3\">secretaria@catedraldemallorca.org<\/a>.<\/li>\n<li>L&#8217;organitzaci\u00f3 es reserva el dret d&#8217;admissi\u00f3.<\/li>\n<li>En acceptar aquests termes i condicions, l&#8217;usuari confirma la veracitat de les dades facilitades, eximint de qualsevol responsabilitat a la Catedral de Mallorca.<\/li>\n<\/ol>\n<\/div>\n<p><b>CONDICIONS DURANT LA VISITA<\/b><\/p>\n<ol>\n<li>Els visitants es comprometen a mantenir un comportament i una actitud respectuosa cap al monument.<\/li>\n<li>No est\u00e0 perm\u00e8s i est\u00e0 penat per llei atemptar contra la integritat del patrimoni, fent pintades, grafitis, etc.<\/li>\n<li>La no observan\u00e7a de les indicacions en temes de conservaci\u00f3 del patrimoni assenyalades pel personal de la Catedral pot arribar a ocasionar l&#8217;expulsi\u00f3 immediata de la visita, sense dret a cap mena de reemborsament.<\/li>\n<li>No est\u00e0 perm\u00e8s llan\u00e7ar objectes, ni consumir aliments i\/o begudes (excepte aigua)<\/li>\n<li>No est\u00e0 perm\u00e8s fumar durant la visita.<\/li>\n<li>Els visitants hauran de vigilar sempre els seus objectes personals.<\/li>\n<\/ol>\n<p><b>IMPORTANT:<\/b> L&#8217;incompliment de qualsevol d&#8217;aquestes normes pot provocar la no admissi\u00f3, la interrupci\u00f3 i\/o l&#8217;expulsi\u00f3 de la visita sense dret a cap tipus de canvi o reemborsament.<\/p>\n<p>[\/et_pb_toggle][\/et_pb_column][\/et_pb_row][et_pb_row column_structure=\u00bb1_3,2_3&#8243; use_custom_gutter=\u00bbon\u00bb make_equal=\u00bbon\u00bb disabled_on=\u00bboff|off|off\u00bb admin_label=\u00bbGUIADA AL ATARDECER \u00bb module_id=\u00bbterrazas_atardecer\u00bb _builder_version=\u00bb4.27.4&#8243; _module_preset=\u00bbdefault\u00bb width_tablet=\u00bb\u00bb width_phone=\u00bb90%\u00bb width_last_edited=\u00bbon|phone\u00bb max_width=\u00bb1180px\u00bb custom_margin=\u00bb||20px||false|false\u00bb custom_padding=\u00bb|30px||30px|false|true\u00bb border_radii=\u00bbon|5px|5px|5px|5px\u00bb border_width_all=\u00bb2px\u00bb border_color_all=\u00bbRGBA(255,255,255,0)\u00bb global_colors_info=\u00bb{}\u00bb][et_pb_column type=\u00bb1_3&#8243; _builder_version=\u00bb4.16&#8243; _module_preset=\u00bbdefault\u00bb global_colors_info=\u00bb{}\u00bb][et_pb_text _builder_version=\u00bb4.27.0&#8243; _module_preset=\u00bbdefault\u00bb header_3_font=\u00bb|600|||||||\u00bb text_orientation=\u00bbcenter\u00bb custom_margin=\u00bb||15px||false|false\u00bb global_colors_info=\u00bb{}\u00bb]<\/p>\n<h3><span style=\"color: #d3172e;\">Visita guiada &#8211; Terrasses capvespre<\/span><\/h3>\n<p>[\/et_pb_text][et_pb_image src=\u00bbhttps:\/\/catedraldemallorca.org\/wp-content\/uploads\/2022\/06\/terrazas_guiadas.jpeg\u00bb title_text=\u00bbterrasses_guiades\u00bb align=\u00bbcenter\u00bb _builder_version=\u00bb4.17.4&#8243; _module_preset=\u00bbdefault\u00bb max_width=\u00bb420px\u00bb global_colors_info=\u00bb{}\u00bb][\/et_pb_image][et_pb_button button_url=\u00bbhttps:\/\/catedraldemallorca.entradasdemuseos.com\/visit\/visita-guiada-terrazas-atardecer\u00bb button_text=\u00bbADQUIRIR\u00bb button_alignment=\u00bbcenter\u00bb _builder_version=\u00bb4.27.0&#8243; _module_preset=\u00bbdefault\u00bb custom_button=\u00bbon\u00bb button_text_size=\u00bb15px\u00bb button_text_color=\u00bb#000000&#8243; button_bg_color=\u00bb#FFFFFF\u00bb button_border_width=\u00bb2px\u00bb button_border_radius=\u00bb3px\u00bb button_font=\u00bb|600|||||||\u00bb global_colors_info=\u00bb{}\u00bb button_bg_color__hover_enabled=\u00bbon|desktop\u00bb button_bg_color__hover=\u00bb#f8f8f8&#8243; button_bg_enable_color__hover=\u00bbon\u00bb][\/et_pb_button][\/et_pb_column][et_pb_column type=\u00bb2_3&#8243; _builder_version=\u00bb4.16&#8243; _module_preset=\u00bbdefault\u00bb global_colors_info=\u00bb{}\u00bb][et_pb_text _builder_version=\u00bb4.24.2&#8243; _module_preset=\u00bbdefault\u00bb text_font=\u00bb|600|||||||\u00bb text_text_color=\u00bb#000000&#8243; text_font_size=\u00bb16px\u00bb custom_margin=\u00bb||20px||false|false\u00bb global_colors_info=\u00bb{}\u00bb]<\/p>\n<p>Inclou: Terrasses Catedral + Guia certificat<\/p>\n<p>[\/et_pb_text][et_pb_text disabled_on=\u00bbon|on|off\u00bb _builder_version=\u00bb4.17.4&#8243; _module_preset=\u00bbdefault\u00bb text_text_color=\u00bb#000000&#8243; text_font_size=\u00bb15px\u00bb custom_margin=\u00bb||20px||false|false\u00bb global_colors_info=\u00bb{}\u00bb]<\/p>\n<p>Gaudeix d\u2019una de les millors vistes de Palma a trav\u00e9s d\u2019un recorregut per les terrasses de la Catedral de Mallorca. Una experi\u00e8ncia extraordin\u00e0ria on es podr\u00e0 contemplar la immensitat de la mar i la bellesa de la ciutat. Una visita per gaudir de les terrasses dels arcbotants, de l\u2019espectacular rosassa major, del campanar i del skyline de la ciutat. Apunta\u2019t a aquesta visita guiada disponible en 3 idiomes (catal\u00e0, castell\u00e0 i angl\u00e8s). No deixis escapar aquesta oportunitat! Les places s\u00f3n limitades!<\/p>\n<p>[\/et_pb_text][et_pb_toggle title=\u00bbTARIFES\u00bb open_toggle_text_color=\u00bb#000000&#8243; open_toggle_background_color=\u00bbRGBA(255,255,255,0)\u00bb closed_toggle_text_color=\u00bb#000000&#8243; closed_toggle_background_color=\u00bbRGBA(255,255,255,0)\u00bb icon_color=\u00bb#000000&#8243; toggle_icon=\u00bb&#x43;||divi||400&#8243; use_icon_font_size=\u00bbon\u00bb icon_font_size=\u00bb18px\u00bb open_icon_color=\u00bb#000000&#8243; open_toggle_icon=\u00bb&#x45;||divi||400&#8243; open_use_icon_font_size=\u00bbon\u00bb open_icon_font_size=\u00bb18px\u00bb module_class=\u00bbcstm-toggle\u00bb _builder_version=\u00bb4.24.2&#8243; _module_preset=\u00bbdefault\u00bb title_text_color=\u00bb#FFFFFF\u00bb title_font=\u00bb|600|||||||\u00bb title_font_size=\u00bb14px\u00bb body_text_color=\u00bb#000000&#8243; body_font_size=\u00bb15px\u00bb custom_margin=\u00bb||2px||false|false\u00bb custom_padding=\u00bb14px||14px||true|false\u00bb border_color_all=\u00bbRGBA(255,255,255,0)\u00bb icon_color__hover_enabled=\u00bboff|desktop\u00bb global_colors_info=\u00bb{}\u00bb custom_css_open_toggle__hover_enabled=\u00bboff|desktop\u00bb open_icon_color__hover_enabled=\u00bboff|desktop\u00bb]<\/p>\n<ul>\n<li>Adult: 30\u20ac<\/li>\n<\/ul>\n<p>[\/et_pb_toggle][et_pb_toggle title=\u00bbHORARIS\u00bb open_toggle_text_color=\u00bb#000000&#8243; open_toggle_background_color=\u00bbRGBA(255,255,255,0)\u00bb closed_toggle_text_color=\u00bb#000000&#8243; closed_toggle_background_color=\u00bbRGBA(255,255,255,0)\u00bb icon_color=\u00bb#000000&#8243; toggle_icon=\u00bb&#x43;||divi||400&#8243; use_icon_font_size=\u00bbon\u00bb icon_font_size=\u00bb18px\u00bb open_icon_color=\u00bb#000000&#8243; open_toggle_icon=\u00bb&#x45;||divi||400&#8243; open_use_icon_font_size=\u00bbon\u00bb open_icon_font_size=\u00bb18px\u00bb module_class=\u00bbcstm-toggle\u00bb _builder_version=\u00bb4.24.2&#8243; _module_preset=\u00bbdefault\u00bb title_text_color=\u00bb#FFFFFF\u00bb title_font=\u00bb|600|||||||\u00bb title_font_size=\u00bb14px\u00bb body_text_color=\u00bb#000000&#8243; body_font_size=\u00bb15px\u00bb custom_margin=\u00bb||2px||false|false\u00bb custom_padding=\u00bb14px||14px||true|false\u00bb border_color_all=\u00bbRGBA(255,255,255,0)\u00bb icon_color__hover_enabled=\u00bboff|desktop\u00bb global_colors_info=\u00bb{}\u00bb custom_css_open_toggle__hover_enabled=\u00bboff|desktop\u00bb open_icon_color__hover_enabled=\u00bboff|desktop\u00bb]<\/p>\n<p>Depenent del mes, entre les 19:00h\u00a0i 20:30h, disponible en 3 idiomes:<\/p>\n<ul>\n<li>Castell\u00e0<\/li>\n<li>Catal\u00e0<\/li>\n<li>Angl\u00e8s<\/li>\n<\/ul>\n<p>* Temporada d&#8217;obertura en mesos estivals de l&#8217;any.<\/p>\n<p>[\/et_pb_toggle][et_pb_toggle title=\u00bbNORMATIVA\u00bb open_toggle_text_color=\u00bb#000000&#8243; open_toggle_background_color=\u00bbRGBA(255,255,255,0)\u00bb closed_toggle_text_color=\u00bb#000000&#8243; closed_toggle_background_color=\u00bbRGBA(255,255,255,0)\u00bb icon_color=\u00bb#000000&#8243; toggle_icon=\u00bb&#x43;||divi||400&#8243; use_icon_font_size=\u00bbon\u00bb icon_font_size=\u00bb18px\u00bb open_icon_color=\u00bb#000000&#8243; open_toggle_icon=\u00bb&#x45;||divi||400&#8243; open_use_icon_font_size=\u00bbon\u00bb open_icon_font_size=\u00bb18px\u00bb module_class=\u00bbcstm-toggle\u00bb _builder_version=\u00bb4.24.2&#8243; _module_preset=\u00bbdefault\u00bb title_text_color=\u00bb#FFFFFF\u00bb title_font=\u00bb|600|||||||\u00bb title_font_size=\u00bb14px\u00bb body_text_color=\u00bb#000000&#8243; body_font_size=\u00bb15px\u00bb custom_margin=\u00bb||2px||false|false\u00bb custom_padding=\u00bb14px||14px||true|false\u00bb border_color_all=\u00bbRGBA(255,255,255,0)\u00bb icon_color__hover_enabled=\u00bboff|desktop\u00bb global_colors_info=\u00bb{}\u00bb custom_css_open_toggle__hover_enabled=\u00bboff|desktop\u00bb open_icon_color__hover_enabled=\u00bboff|desktop\u00bb]<\/p>\n<p><em><b>CONDICIONS PR\u00c8VIES A LA VISITA<\/b><\/em><\/p>\n<div>\n<ol>\n<li>A causa de les caracter\u00edstiques i dificultat del recorregut, i per motius de seguretat, l&#8217;acc\u00e9s a la visita queda limitat a: 1.1 persones que no presentin malalties cardiorespirat\u00f2ries, vertigen o mobilitat redu\u00efda per motius d&#8217;edat o salut. 1.2 persones majors de 9 anys. En el cas de menors d&#8217;edat, \u00e9s obligat\u00f2ria l&#8217;acreditaci\u00f3 de la mateixa per mitj\u00e0 d&#8217;un document d&#8217;identitat oficial.<\/li>\n<li>En acceptar aquests termes i condicions, l&#8217;usuari confirma la veracitat de les dades facilitades, aix\u00ed com del compliment dels requisits f\u00edsics i\/o de salut esmentats en el punt anterior, eximint de qualsevol responsabilitat derivada de qualsevol possible mal per tals motius a la Catedral de Mallorca.<\/li>\n<li>A l&#8217;interior de la Catedral s&#8217;ha habilitat, en el Portal de la Almoina, un Punt de Trobada per a l&#8217;acc\u00e9s a les visites a les Terrasses. \u00c9s imprescindible la presentaci\u00f3 de la reserva rebuda per correu electr\u00f2nic per a procedir a la seva validaci\u00f3 abans de comen\u00e7ar la visita..<\/li>\n<li>Les visites s&#8217;iniciaran puntualment dins dels marges horaris assenyalats en la reserva, i tindran una durada m\u00e0xima d&#8217;una hora. Una vegada passada aquesta hora l\u00edmit d&#8217;inici, ja no es permetr\u00e0 l&#8217;acc\u00e9s a aquesta.<\/li>\n<li>No es permet l&#8217;acc\u00e9s d&#8217;animals de companyia a la visita, excepte cans pigall.<\/li>\n<li>L&#8217;organitzaci\u00f3 es reserva la capacitat de cancel\u00b7lar la visita, amb o sense preav\u00eds, pels motius que consideri oportuns, retornant l&#8217;import ja pagat als qui no haguessin pogut gaudir de la mateixa amb motiu d&#8217;aquesta cancel\u00b7laci\u00f3.<\/li>\n<li>Si us plau, sigui tan amable de verificar acuradament les dades de la reserva, perqu\u00e8\u00a0una vegada confirmada no s&#8217;admetran canvis ni devolucions. Si necessita informaci\u00f3 addicional sobre les Visites a les Terrasses, pot posar-se en contacte amb el nostre equip en el correu\u00a0<span id=\"cloak5901d15f7c3bc5b8ea4179082698a44d\"><\/span><a href=\"catedraldemallorca.org\/ca\/contacte\/?contact=Informaci\u00f3\">secretaria@catedraldemallorca.org<\/a>.<\/li>\n<li>L&#8217;organitzaci\u00f3 es reserva el dret d&#8217;admissi\u00f3.<\/li>\n<\/ol>\n<\/div>\n<p><em><b>CONDICIONS DURANT LA VISITA<\/b><\/em><\/p>\n<div class=\"traductor-checkbox form-group\">\u00a0<\/div>\n<ol>\n<li>Els visitants menors de 18 anys hauran d&#8217;anar acompanyats per un adult, havent de ser la relaci\u00f3, com a m\u00ednim, d&#8217;un adult per cada menor.<\/li>\n<li>Els visitants es comprometen a mantenir un comportament i una actitud respectuosa cap al monument.<\/li>\n<li>No est\u00e0 perm\u00e8s i est\u00e0 penat per llei atemptar contra la integritat del patrimoni, fent pintades, grafitis, etc.<\/li>\n<li>La no observan\u00e7a de les indicacions en temes de conservaci\u00f3 del patrimoni assenyalades pel personal de la Catedral pot arribar a ocasionar l&#8217;expulsi\u00f3 immediata de la visita, sense dret a cap mena de reemborsament.<\/li>\n<li>No est\u00e0 perm\u00e8s llan\u00e7ar objectes, ni consumir aliments i\/o begudes (excepte aigua)<\/li>\n<li>No est\u00e0 perm\u00e8s fumar durant la visita.<\/li>\n<li>Els visitants hauran de vigilar sempre els seus objectes personals.<\/li>\n<li>Es prega utilitzar una vestimenta formal concorde a un temple religi\u00f3s i evitar acudir en vestit de bany, sense samarreta etc.<\/li>\n<\/ol>\n<p><b>IMPORTANT:<\/b> L&#8217;incompliment de qualsevol d&#8217;aquestes normes pot provocar la no admissi\u00f3, la interrupci\u00f3 i\/o l&#8217;expulsi\u00f3 de la visita sense dret a cap tipus de canvi o reemborsament.<\/p>\n<p>[\/et_pb_toggle][\/et_pb_column][\/et_pb_row][et_pb_row column_structure=\u00bb1_3,2_3&#8243; use_custom_gutter=\u00bbon\u00bb make_equal=\u00bbon\u00bb module_id=\u00bbculturales\u00bb _builder_version=\u00bb4.24.2&#8243; _module_preset=\u00bbdefault\u00bb width_tablet=\u00bb\u00bb width_phone=\u00bb90%\u00bb width_last_edited=\u00bbon|phone\u00bb max_width=\u00bb1180px\u00bb custom_margin=\u00bb||20px||false|false\u00bb custom_padding=\u00bb|30px||30px|false|true\u00bb border_radii=\u00bbon|5px|5px|5px|5px\u00bb border_width_all=\u00bb2px\u00bb border_color_all=\u00bbRGBA(255,255,255,0)\u00bb global_colors_info=\u00bb{}\u00bb][et_pb_column type=\u00bb1_3&#8243; _builder_version=\u00bb4.16&#8243; _module_preset=\u00bbdefault\u00bb global_colors_info=\u00bb{}\u00bb][et_pb_image src=\u00bbhttps:\/\/catedraldemallorca.org\/wp-content\/uploads\/2021\/08\/capilla_santisimo.jpg\u00bb alt=\u00bbCapella del santissim\u00bb title_text=\u00bbcapella_santissim\u00bb align=\u00bbcenter\u00bb _builder_version=\u00bb4.16&#8243; _module_preset=\u00bbdefault\u00bb max_width=\u00bb420px\u00bb global_colors_info=\u00bb{}\u00bb][\/et_pb_image][\/et_pb_column][et_pb_column type=\u00bb2_3&#8243; _builder_version=\u00bb4.16&#8243; _module_preset=\u00bbdefault\u00bb global_colors_info=\u00bb{}\u00bb][et_pb_text _builder_version=\u00bb4.27.0&#8243; _module_preset=\u00bbdefault\u00bb header_3_font=\u00bb|600|||||||\u00bb header_3_font_size=\u00bb20px\u00bb custom_margin=\u00bb||15px||false|false\u00bb global_colors_info=\u00bb{}\u00bb]<\/p>\n<h3><span style=\"color: #d3172e;\">Visites culturals<\/span><\/h3>\n<p>[\/et_pb_text][et_pb_text disabled_on=\u00bbon|on|off\u00bb _builder_version=\u00bb4.16&#8243; _module_preset=\u00bbdefault\u00bb text_text_color=\u00bb#000000&#8243; text_font_size=\u00bb15px\u00bb custom_margin=\u00bb||20px||false|false\u00bb global_colors_info=\u00bb{}\u00bb]<\/p>\n<p style=\"text-align: justify;\">Eventualment s&#8217;organitzen visites guiades a la Catedral de Mallorca centrades en diferents tem\u00e0tiques amb la finalitat de donar a con\u00e8ixer la hist\u00f2ria, la cultura, l&#8217;art i la simbologia del Temple.<\/p>\n<p>[\/et_pb_text][et_pb_text _builder_version=\u00bb4.16&#8243; _dynamic_attributes=\u00bbcontent\u00bb _module_preset=\u00bbdefault\u00bb text_text_color=\u00bb#D3172E\u00bb text_font_size=\u00bb16px\u00bb position_origin_a=\u00bbbottom_left\u00bb position_origin_f=\u00bbtop_center\u00bb custom_margin=\u00bb||0px||false|false\u00bb link_option_url=\u00bbhttps:\/\/catedraldemallorca.org\/ca\/catedral\/esdeveniments\/\u00bb text_orientation_tablet=\u00bb\u00bb text_orientation_phone=\u00bbcenter\u00bb text_orientation_last_edited=\u00bbon|phone\u00bb global_colors_info=\u00bb{}\u00bb]@ET-DC@eyJkeW5hbWljIjp0cnVlLCJjb250ZW50IjoicG9zdF9tZXRhX2tleSIsInNldHRpbmdzIjp7ImJlZm9yZSI6IjxwPkNhbGVuZGFyaSBkJ2VzZGV2ZW5pbWVudHM8L3A+IiwiYWZ0ZXIiOiI8aSBjbGFzcz1cImZhciBmYS1jYWxlbmRhci1hbHRcIj48L2k+IiwibWV0YV9rZXkiOiIiLCJlbmFibGVfaHRtbCI6Im9mZiJ9fQ==@[\/et_pb_text][et_pb_button button_url=\u00bbhttps:\/\/catedraldemallorca.entradasdemuseos.com\/l\/ca\u00bb button_text=\u00bbENTRADES\u00bb button_alignment=\u00bbcenter\u00bb _builder_version=\u00bb4.16.0&#8243; _module_preset=\u00bbdefault\u00bb custom_button=\u00bbon\u00bb button_text_size=\u00bb15px\u00bb button_text_color=\u00bb#D3172E\u00bb button_bg_color=\u00bb#FFFFFF\u00bb button_font=\u00bb|600|||||||\u00bb positioning=\u00bbabsolute\u00bb position_origin_a=\u00bbbottom_right\u00bb vertical_offset=\u00bb25%\u00bb horizontal_offset=\u00bb5%\u00bb vertical_offset_tablet=\u00bb0%\u00bb vertical_offset_phone=\u00bb0%\u00bb vertical_offset_last_edited=\u00bbon|phone\u00bb position_origin_a_tablet=\u00bbbottom_right\u00bb position_origin_a_phone=\u00bbbottom_right\u00bb position_origin_a_last_edited=\u00bbon|desktop\u00bb position_origin_f_tablet=\u00bb\u00bb position_origin_f_phone=\u00bb\u00bb position_origin_f_last_edited=\u00bbon|desktop\u00bb position_origin_r_tablet=\u00bb\u00bb position_origin_r_phone=\u00bb\u00bb position_origin_r_last_edited=\u00bbon|desktop\u00bb custom_margin_tablet=\u00bb\u00bb custom_margin_phone=\u00bb20px||||false|false\u00bb custom_margin_last_edited=\u00bbon|desktop\u00bb custom_padding_last_edited=\u00bboff|phone\u00bb positioning_tablet=\u00bbabsolute\u00bb positioning_phone=\u00bbnone\u00bb positioning_last_edited=\u00bbon|desktop\u00bb global_colors_info=\u00bb{}\u00bb button_bg_color__hover_enabled=\u00bbon|hover\u00bb button_bg_color__hover=\u00bb#FFFFFF\u00bb button_bg_enable_color__hover=\u00bbon\u00bb][\/et_pb_button][\/et_pb_column][\/et_pb_row][\/et_pb_section]<\/p>\n","protected":false},"excerpt":{"rendered":"<p>Catedral de Mallorca + TerrassesTemporada d&#8217;obertura: De mar\u00e7 a novembre\u200b (tots dos mesos inclosos)Inclou: Terrasses de Mallorca + Entrada Catedral + MASMOpcional: Audioguia\u00a0\u00bfVols con\u00e8ixer la Catedral des de les altures? La Catedral de Mallorca, ofereix, recorreguts lliures per les seves terrasses, una experi\u00e8ncia extraordin\u00e0ria on es podr\u00e0 contemplar la immensitat de la mar i la [&hellip;]<\/p>\n","protected":false},"author":2,"featured_media":0,"parent":4088,"menu_order":0,"comment_status":"closed","ping_status":"closed","template":"","meta":{"_et_pb_use_builder":"on","_et_pb_old_content":"","_et_gb_content_width":"","footnotes":""},"class_list":["post-4089","page","type-page","status-publish","hentry"],"_links":{"self":[{"href":"https:\/\/catedraldemallorca.org\/ca\/wp-json\/wp\/v2\/pages\/4089","targetHints":{"allow":["GET"]}}],"collection":[{"href":"https:\/\/catedraldemallorca.org\/ca\/wp-json\/wp\/v2\/pages"}],"about":[{"href":"https:\/\/catedraldemallorca.org\/ca\/wp-json\/wp\/v2\/types\/page"}],"author":[{"embeddable":true,"href":"https:\/\/catedraldemallorca.org\/ca\/wp-json\/wp\/v2\/users\/2"}],"replies":[{"embeddable":true,"href":"https:\/\/catedraldemallorca.org\/ca\/wp-json\/wp\/v2\/comments?post=4089"}],"version-history":[{"count":193,"href":"https:\/\/catedraldemallorca.org\/ca\/wp-json\/wp\/v2\/pages\/4089\/revisions"}],"predecessor-version":[{"id":22021,"href":"https:\/\/catedraldemallorca.org\/ca\/wp-json\/wp\/v2\/pages\/4089\/revisions\/22021"}],"up":[{"embeddable":true,"href":"https:\/\/catedraldemallorca.org\/ca\/wp-json\/wp\/v2\/pages\/4088"}],"wp:attachment":[{"href":"https:\/\/catedraldemallorca.org\/ca\/wp-json\/wp\/v2\/media?parent=4089"}],"curies":[{"name":"wp","href":"https:\/\/api.w.org\/{rel}","templated":true}]}}